{"id":4098,"date":"2026-03-04T10:51:18","date_gmt":"2026-03-04T10:51:18","guid":{"rendered":"https:\/\/blizzcool.es\/teto\/"},"modified":"2026-04-27T08:23:44","modified_gmt":"2026-04-27T08:23:44","slug":"teto","status":"publish","type":"page","link":"https:\/\/blizzcool.es\/pt-pt\/ventilador-industrial\/teto\/","title":{"rendered":"Teto"},"content":{"rendered":"\t\t<div data-elementor-type=\"wp-page\" data-elementor-id=\"4098\" class=\"elementor elementor-4098 elementor-3335\" data-elementor-post-type=\"page\">\n\t\t\t\t<div class=\"elementor-element elementor-element-0352397 e-flex e-con-boxed e-con e-parent\" data-id=\"0352397\" data-element_type=\"container\" data-e-type=\"container\" data-settings=\"{&quot;background_background&quot;:&quot;classic&quot;}\">\n\t\t\t\t\t<div class=\"e-con-inner\">\n\t\t<div class=\"elementor-element elementor-element-b9d90bb e-con-full e-flex e-con e-child\" data-id=\"b9d90bb\" data-element_type=\"container\" data-e-type=\"container\">\n\t\t\t\t<div class=\"elementor-element elementor-element-8d117a3 elementor-widget__width-initial elementor-widget-tablet__width-inherit elementor-widget elementor-widget-heading\" data-id=\"8d117a3\" data-element_type=\"widget\" data-e-type=\"widget\" data-widget_type=\"heading.default\">\n\t\t\t\t\t<p class=\"elementor-heading-title elementor-size-default\">Desempenho comprovado em <span style=\"color: #68B551\">ambientes reais<\/span> <\/p>\t\t\t\t<\/div>\n\t\t\t\t<div class=\"elementor-element elementor-element-cec2d5f elementor-widget-divider--view-line elementor-widget elementor-widget-divider\" data-id=\"cec2d5f\" data-element_type=\"widget\" data-e-type=\"widget\" data-widget_type=\"divider.default\">\n\t\t\t\t\t\t\t<div class=\"elementor-divider\">\n\t\t\t<span class=\"elementor-divider-separator\">\n\t\t\t\t\t\t<\/span>\n\t\t<\/div>\n\t\t\t\t\t\t<\/div>\n\t\t\t\t<div class=\"elementor-element elementor-element-7a572a9 elementor-widget__width-initial elementor-widget-tablet__width-inherit elementor-widget elementor-widget-text-editor\" data-id=\"7a572a9\" data-element_type=\"widget\" data-e-type=\"widget\" data-widget_type=\"text-editor.default\">\n\t\t\t\t\t\t\t\t\t<div class=\"elementor-element elementor-element-79f4896 elementor-widget elementor-widget-text-editor\" data-id=\"79f4896\" data-element_type=\"widget\" data-widget_type=\"text-editor.default\"><div class=\"elementor-widget-container\"><p>Equipamentos concebidos para oferecer o m\u00e1ximo conforto t\u00e9rmico e prote\u00e7\u00e3o em condi\u00e7\u00f5es exigentes. Solu\u00e7\u00f5es eficientes que otimizam a produtividade e garantem um ambiente de trabalho seguro e fresco. <\/p><\/div><\/div>\t\t\t\t\t\t\t\t<\/div>\n\t\t\t\t<\/div>\n\t\t\t\t\t<\/div>\n\t\t\t\t<\/div>\n\t\t<div class=\"elementor-element elementor-element-b2a3c24 e-flex e-con-boxed e-con e-parent\" data-id=\"b2a3c24\" data-element_type=\"container\" data-e-type=\"container\">\n\t\t\t\t\t<div class=\"e-con-inner\">\n\t\t\t\t<div class=\"elementor-element elementor-element-a569d47 elementor-widget elementor-widget-breadcrumbs\" data-id=\"a569d47\" data-element_type=\"widget\" data-e-type=\"widget\" data-widget_type=\"breadcrumbs.default\">\n\t\t\t\t<div class=\"elementor-widget-container\">\n\t\t\t\t\t<nav aria-label=\"breadcrumbs\" class=\"rank-math-breadcrumb\"><p><span class=\"last\">Portada<\/span><\/p><\/nav>\t\t\t\t<\/div>\n\t\t\t\t<\/div>\n\t\t\t\t<div class=\"elementor-element elementor-element-5da9c89 elementor-widget__width-initial elementor-widget-tablet__width-inherit elementor-widget elementor-widget-heading\" data-id=\"5da9c89\" data-element_type=\"widget\" data-e-type=\"widget\" data-widget_type=\"heading.default\">\n\t\t\t\t\t<h1 class=\"elementor-heading-title elementor-size-default\">Ventilador industrial de teto<\/h1>\t\t\t\t<\/div>\n\t\t\t\t<div class=\"woocommerce elementor-element elementor-element-d0daea1 elementor-grid-4 elementor-grid-mobile-1 elementor-grid-tablet-2 elementor-widget elementor-widget-loop-grid\" data-id=\"d0daea1\" data-element_type=\"widget\" data-e-type=\"widget\" data-settings=\"{&quot;_skin&quot;:&quot;product&quot;,&quot;template_id&quot;:4139,&quot;columns&quot;:4,&quot;columns_mobile&quot;:1,&quot;row_gap&quot;:{&quot;unit&quot;:&quot;px&quot;,&quot;size&quot;:20,&quot;sizes&quot;:[]},&quot;pagination_type&quot;:&quot;numbers&quot;,&quot;pagination_load_type&quot;:&quot;ajax&quot;,&quot;auto_scroll&quot;:&quot;yes&quot;,&quot;columns_tablet&quot;:&quot;2&quot;,&quot;edit_handle_selector&quot;:&quot;[data-elementor-type=\\&quot;loop-item\\&quot;]&quot;,&quot;row_gap_tablet&quot;:{&quot;unit&quot;:&quot;px&quot;,&quot;size&quot;:&quot;&quot;,&quot;sizes&quot;:[]},&quot;row_gap_mobile&quot;:{&quot;unit&quot;:&quot;px&quot;,&quot;size&quot;:&quot;&quot;,&quot;sizes&quot;:[]}}\" data-widget_type=\"loop-grid.product\">\n\t\t\t\t<div class=\"elementor-widget-container\">\n\t\t\t\t\t\t\t<div class=\"elementor-loop-container elementor-grid\" role=\"list\">\n\t\t<style id=\"loop-4139\">.elementor-4139 .elementor-element.elementor-element-34c414c{--display:flex;--flex-direction:column;--container-widget-width:100%;--container-widget-height:initial;--container-widget-flex-grow:0;--container-widget-align-self:initial;--flex-wrap-mobile:wrap;--justify-content:space-between;border-style:none;--border-style:none;--padding-top:0px;--padding-bottom:0px;--padding-left:0px;--padding-right:0px;}.elementor-4139 .elementor-element.elementor-element-9ef447e{--display:flex;--min-height:300px;--justify-content:center;--align-items:center;--container-widget-width:calc( ( 1 - var( --container-widget-flex-grow ) ) * 100% );border-style:none;--border-style:none;--padding-top:0px;--padding-bottom:0px;--padding-left:0px;--padding-right:0px;}.elementor-4139 .elementor-element.elementor-element-9ef447e:not(.elementor-motion-effects-element-type-background), .elementor-4139 .elementor-element.elementor-element-9ef447e > .elementor-motion-effects-container > .elementor-motion-effects-layer{background-color:#FFFFFF;}.elementor-widget-image .widget-image-caption{color:var( --e-global-color-text );font-family:var( --e-global-typography-text-font-family ), Sans-serif;font-weight:var( --e-global-typography-text-font-weight );}.elementor-4139 .elementor-element.elementor-element-7a40599 img{border-style:none;}.elementor-4139 .elementor-element.elementor-element-46969fc{--display:flex;--padding-top:20px;--padding-bottom:20px;--padding-left:20px;--padding-right:20px;}.elementor-widget-heading .elementor-heading-title{font-family:var( --e-global-typography-primary-font-family ), Sans-serif;font-weight:var( --e-global-typography-primary-font-weight );color:var( --e-global-color-primary );}.elementor-4139 .elementor-element.elementor-element-4d257b1{text-align:center;}.elementor-4139 .elementor-element.elementor-element-4d257b1 .elementor-heading-title{font-family:\"Poppins\", Sans-serif;font-size:16px;font-weight:600;text-transform:uppercase;}.elementor-4139 .elementor-element.elementor-element-4d257b1 .elementor-heading-title a:hover, .elementor-4139 .elementor-element.elementor-element-4d257b1 .elementor-heading-title a:focus{color:var( --e-global-color-accent );}.elementor-4139 .elementor-element.elementor-element-6846204{text-align:center;}.elementor-4139 .elementor-element.elementor-element-6846204 .elementor-heading-title{font-family:\"Poppins\", Sans-serif;font-size:20px;font-weight:400;text-transform:uppercase;color:var( --e-global-color-primary );}.elementor-4139 .elementor-element.elementor-element-6846204.elementor-element{--align-self:center;}.elementor-widget-woocommerce-product-add-to-cart .added_to_cart{font-family:var( --e-global-typography-accent-font-family ), Sans-serif;font-weight:var( --e-global-typography-accent-font-weight );}.elementor-4139 .elementor-element.elementor-element-3b68d6b .cart button, .elementor-4139 .elementor-element.elementor-element-3b68d6b .cart .button{font-family:\"Poppins\", Sans-serif;font-size:14px;font-weight:500;text-transform:uppercase;letter-spacing:2px;border-radius:5px 5px 5px 5px;color:var( --e-global-color-text );background-color:var( --e-global-color-accent );border-color:#02010100;transition:all 0.3s;}.elementor-4139 .elementor-element.elementor-element-3b68d6b .cart button:hover, .elementor-4139 .elementor-element.elementor-element-3b68d6b .cart .button:hover{color:var( --e-global-color-text );background-color:var( --e-global-color-secondary );}@media(max-width:767px){.elementor-4139 .elementor-element.elementor-element-9ef447e{--min-height:250px;}}<\/style>\t\t<div data-elementor-type=\"loop-item\" data-elementor-id=\"4139\" class=\"elementor elementor-4139 elementor-507 elementor-507 e-loop-item e-loop-item-5132 post-5132 product type-product status-publish has-post-thumbnail product_cat-ventilador-industrial product_cat-teto desktop-align-left tablet-align-left mobile-align-left first instock taxable shipping-taxable purchasable product-type-simple\" data-elementor-post-type=\"elementor_library\" data-custom-edit-handle=\"1\">\n\t\t\t<div class=\"elementor-element elementor-element-34c414c e-con-full e-flex e-con e-parent\" data-id=\"34c414c\" data-element_type=\"container\" data-e-type=\"container\">\n\t\t<div class=\"elementor-element elementor-element-9ef447e e-con-full e-flex e-con e-child\" data-id=\"9ef447e\" data-element_type=\"container\" data-e-type=\"container\" data-settings=\"{&quot;background_background&quot;:&quot;classic&quot;}\">\n\t\t\t\t<div class=\"elementor-element elementor-element-7a40599 elementor-widget elementor-widget-image\" data-id=\"7a40599\" data-element_type=\"widget\" data-e-type=\"widget\" data-widget_type=\"image.default\">\n\t\t\t\t\t\t\t\t\t\t\t\t\t\t\t\t<a href=\"https:\/\/blizzcool.es\/pt-pt\/ventilador-industrial\/ventilador-de-teto-bizzcool-bw-fam240-o2400-mm\/\">\n\t\t\t\t\t\t\t<img loading=\"lazy\" decoding=\"async\" width=\"1024\" height=\"1024\" src=\"https:\/\/blizzcool.es\/wp-content\/uploads\/2025\/12\/Ventilador-de-Techo-BUENA-WEB-1024x1024.avif\" class=\"attachment-large size-large wp-image-4690\" alt=\"Ventoinha de teto blizzcool\" srcset=\"https:\/\/blizzcool.es\/wp-content\/uploads\/2025\/12\/Ventilador-de-Techo-BUENA-WEB-1024x1024.avif 1024w, https:\/\/blizzcool.es\/wp-content\/uploads\/2025\/12\/Ventilador-de-Techo-BUENA-WEB-300x300.avif 300w, https:\/\/blizzcool.es\/wp-content\/uploads\/2025\/12\/Ventilador-de-Techo-BUENA-WEB-150x150.avif 150w, https:\/\/blizzcool.es\/wp-content\/uploads\/2025\/12\/Ventilador-de-Techo-BUENA-WEB-768x768.avif 768w, https:\/\/blizzcool.es\/wp-content\/uploads\/2025\/12\/Ventilador-de-Techo-BUENA-WEB-1536x1536.avif 1536w, https:\/\/blizzcool.es\/wp-content\/uploads\/2025\/12\/Ventilador-de-Techo-BUENA-WEB-600x600.avif 600w, https:\/\/blizzcool.es\/wp-content\/uploads\/2025\/12\/Ventilador-de-Techo-BUENA-WEB-100x100.avif 100w, https:\/\/blizzcool.es\/wp-content\/uploads\/2025\/12\/Ventilador-de-Techo-BUENA-WEB-64x64.avif 64w, https:\/\/blizzcool.es\/wp-content\/uploads\/2025\/12\/Ventilador-de-Techo-BUENA-WEB.avif 2000w\" sizes=\"auto, (max-width: 1024px) 100vw, 1024px\" \/>\t\t\t\t\t\t\t\t<\/a>\n\t\t\t\t\t\t\t\t\t\t\t\t\t\t\t<\/div>\n\t\t\t\t<\/div>\n\t\t<div class=\"elementor-element elementor-element-46969fc e-con-full e-flex e-con e-child\" data-id=\"46969fc\" data-element_type=\"container\" data-e-type=\"container\">\n\t\t\t\t<div class=\"elementor-element elementor-element-4d257b1 elementor-widget elementor-widget-heading\" data-id=\"4d257b1\" data-element_type=\"widget\" data-e-type=\"widget\" data-widget_type=\"heading.default\">\n\t\t\t\t\t<h2 class=\"elementor-heading-title elementor-size-default\"><a href=\"https:\/\/blizzcool.es\/pt-pt\/ventilador-industrial\/ventilador-de-teto-bizzcool-bw-fam240-o2400-mm\/\">Ventilador de Teto Bizzcool BW FAM240 \u00d82400 mm<\/a><\/h2>\t\t\t\t<\/div>\n\t\t\t\t<div class=\"elementor-element elementor-element-6846204 elementor-widget elementor-widget-heading\" data-id=\"6846204\" data-element_type=\"widget\" data-e-type=\"widget\" data-widget_type=\"heading.default\">\n\t\t\t\t\t<div class=\"elementor-heading-title elementor-size-default\"><span class=\"woocommerce-Price-amount amount\">1.318,90&nbsp;<span class=\"woocommerce-Price-currencySymbol\">&euro;<\/span><\/span> <span class=\"iva-productos\" style=\"font-size:0.8em;color:#27ae60;font-weight:600\"> (IVA incl.)<\/span><\/div>\t\t\t\t<\/div>\n\t\t\t\t<div class=\"elementor-element elementor-element-3b68d6b elementor-add-to-cart--align-center elementor-widget elementor-widget-woocommerce-product-add-to-cart\" data-id=\"3b68d6b\" data-element_type=\"widget\" data-e-type=\"widget\" data-widget_type=\"woocommerce-product-add-to-cart.default\">\n\t\t\t\t\t\n\t\t<div class=\"elementor-add-to-cart elementor-product-simple\">\n\t\t\t\t\t<div class=\"e-loop-add-to-cart-form-container\">\n\t\t\t<form class=\"cart e-loop-add-to-cart-form\">\n\t\t\t\t<a href=\"\/pt-pt\/wp-json\/wp\/v2\/pages\/4098?add-to-cart=5132\" aria-describedby=\"woocommerce_loop_add_to_cart_link_describedby_5132\" data-quantity=\"1\" class=\"button product_type_simple add_to_cart_button ajax_add_to_cart\" data-product_id=\"5132\" data-product_sku=\"1021001\" aria-label=\"Adiciona ao carrinho: &ldquo;Ventilador de Teto Bizzcool BW FAM240 \u00d82400 mm&rdquo;\" rel=\"nofollow\" data-success_message=\"&ldquo;Ventilador de Teto Bizzcool BW FAM240 \u00d82400 mm&rdquo; foi adicionado ao seu carrinho\" role=\"button\">Adicionar<\/a>\t<span id=\"woocommerce_loop_add_to_cart_link_describedby_5132\" class=\"screen-reader-text\">\n\t\t\t<\/span>\n\t\t\t<\/form>\n\t\t<\/div>\n\t\t\t\t<\/div>\n\n\t\t\t\t\t\t<\/div>\n\t\t\t\t<\/div>\n\t\t\t\t<\/div>\n\t\t\t\t<\/div>\n\t\t\t\t<div data-elementor-type=\"loop-item\" data-elementor-id=\"4139\" class=\"elementor elementor-4139 elementor-507 elementor-507 e-loop-item e-loop-item-4072 post-4072 product type-product status-publish has-post-thumbnail product_cat-teto product_cat-ventilador-industrial desktop-align-left tablet-align-left mobile-align-left  instock taxable shipping-taxable purchasable product-type-simple\" data-elementor-post-type=\"elementor_library\" data-custom-edit-handle=\"1\">\n\t\t\t<div class=\"elementor-element elementor-element-34c414c e-con-full e-flex e-con e-parent\" data-id=\"34c414c\" data-element_type=\"container\" data-e-type=\"container\">\n\t\t<div class=\"elementor-element elementor-element-9ef447e e-con-full e-flex e-con e-child\" data-id=\"9ef447e\" data-element_type=\"container\" data-e-type=\"container\" data-settings=\"{&quot;background_background&quot;:&quot;classic&quot;}\">\n\t\t\t\t<div class=\"elementor-element elementor-element-7a40599 elementor-widget elementor-widget-image\" data-id=\"7a40599\" data-element_type=\"widget\" data-e-type=\"widget\" data-widget_type=\"image.default\">\n\t\t\t\t\t\t\t\t\t\t\t\t\t\t\t\t<a href=\"https:\/\/blizzcool.es\/pt-pt\/teto\/ventilador-de-teto-industrial-bizzcool-bwp-fam500-o5000-mm\/\">\n\t\t\t\t\t\t\t<img loading=\"lazy\" decoding=\"async\" width=\"1024\" height=\"1024\" src=\"https:\/\/blizzcool.es\/wp-content\/uploads\/2025\/12\/Ventiladores-de-techo-GRANDES-1-1024x1024.avif\" class=\"attachment-large size-large wp-image-4074\" alt=\"Ventilador de teto industrial Bizzcool BWP FAM430\" srcset=\"https:\/\/blizzcool.es\/wp-content\/uploads\/2025\/12\/Ventiladores-de-techo-GRANDES-1-1024x1024.avif 1024w, https:\/\/blizzcool.es\/wp-content\/uploads\/2025\/12\/Ventiladores-de-techo-GRANDES-1-300x300.avif 300w, https:\/\/blizzcool.es\/wp-content\/uploads\/2025\/12\/Ventiladores-de-techo-GRANDES-1-150x150.avif 150w, https:\/\/blizzcool.es\/wp-content\/uploads\/2025\/12\/Ventiladores-de-techo-GRANDES-1-768x768.avif 768w, https:\/\/blizzcool.es\/wp-content\/uploads\/2025\/12\/Ventiladores-de-techo-GRANDES-1-600x600.avif 600w, https:\/\/blizzcool.es\/wp-content\/uploads\/2025\/12\/Ventiladores-de-techo-GRANDES-1-100x100.avif 100w, https:\/\/blizzcool.es\/wp-content\/uploads\/2025\/12\/Ventiladores-de-techo-GRANDES-1-64x64.avif 64w, https:\/\/blizzcool.es\/wp-content\/uploads\/2025\/12\/Ventiladores-de-techo-GRANDES-1.avif 1200w\" sizes=\"auto, (max-width: 1024px) 100vw, 1024px\" \/>\t\t\t\t\t\t\t\t<\/a>\n\t\t\t\t\t\t\t\t\t\t\t\t\t\t\t<\/div>\n\t\t\t\t<\/div>\n\t\t<div class=\"elementor-element elementor-element-46969fc e-con-full e-flex e-con e-child\" data-id=\"46969fc\" data-element_type=\"container\" data-e-type=\"container\">\n\t\t\t\t<div class=\"elementor-element elementor-element-4d257b1 elementor-widget elementor-widget-heading\" data-id=\"4d257b1\" data-element_type=\"widget\" data-e-type=\"widget\" data-widget_type=\"heading.default\">\n\t\t\t\t\t<h2 class=\"elementor-heading-title elementor-size-default\"><a href=\"https:\/\/blizzcool.es\/pt-pt\/teto\/ventilador-de-teto-industrial-bizzcool-bwp-fam500-o5000-mm\/\">Ventilador de teto industrial Bizzcool BWP FAM500 \u00d85000 mm<\/a><\/h2>\t\t\t\t<\/div>\n\t\t\t\t<div class=\"elementor-element elementor-element-6846204 elementor-widget elementor-widget-heading\" data-id=\"6846204\" data-element_type=\"widget\" data-e-type=\"widget\" data-widget_type=\"heading.default\">\n\t\t\t\t\t<div class=\"elementor-heading-title elementor-size-default\"><span class=\"woocommerce-Price-amount amount\">1.210,00&nbsp;<span class=\"woocommerce-Price-currencySymbol\">&euro;<\/span><\/span> <span class=\"iva-productos\" style=\"font-size:0.8em;color:#27ae60;font-weight:600\"> (IVA incl.)<\/span><\/div>\t\t\t\t<\/div>\n\t\t\t\t<div class=\"elementor-element elementor-element-3b68d6b elementor-add-to-cart--align-center elementor-widget elementor-widget-woocommerce-product-add-to-cart\" data-id=\"3b68d6b\" data-element_type=\"widget\" data-e-type=\"widget\" data-widget_type=\"woocommerce-product-add-to-cart.default\">\n\t\t\t\t\t\n\t\t<div class=\"elementor-add-to-cart elementor-product-simple\">\n\t\t\t\t\t<div class=\"e-loop-add-to-cart-form-container\">\n\t\t\t<form class=\"cart e-loop-add-to-cart-form\">\n\t\t\t\t<a href=\"\/pt-pt\/wp-json\/wp\/v2\/pages\/4098?add-to-cart=4072\" aria-describedby=\"woocommerce_loop_add_to_cart_link_describedby_4072\" data-quantity=\"1\" class=\"button product_type_simple add_to_cart_button ajax_add_to_cart\" data-product_id=\"4072\" data-product_sku=\"1021005\" aria-label=\"Adiciona ao carrinho: &ldquo;Ventilador de teto industrial Bizzcool BWP FAM500 \u00d85000 mm&rdquo;\" rel=\"nofollow\" data-success_message=\"&ldquo;Ventilador de teto industrial Bizzcool BWP FAM500 \u00d85000 mm&rdquo; foi adicionado ao seu carrinho\" role=\"button\">Adicionar<\/a>\t<span id=\"woocommerce_loop_add_to_cart_link_describedby_4072\" class=\"screen-reader-text\">\n\t\t\t<\/span>\n\t\t\t<\/form>\n\t\t<\/div>\n\t\t\t\t<\/div>\n\n\t\t\t\t\t\t<\/div>\n\t\t\t\t<\/div>\n\t\t\t\t<\/div>\n\t\t\t\t<\/div>\n\t\t\t\t<div data-elementor-type=\"loop-item\" data-elementor-id=\"4139\" class=\"elementor elementor-4139 elementor-507 elementor-507 e-loop-item e-loop-item-4083 post-4083 product type-product status-publish has-post-thumbnail product_cat-teto product_cat-ventilador-industrial desktop-align-left tablet-align-left mobile-align-left  instock taxable shipping-taxable purchasable product-type-simple\" data-elementor-post-type=\"elementor_library\" data-custom-edit-handle=\"1\">\n\t\t\t<div class=\"elementor-element elementor-element-34c414c e-con-full e-flex e-con e-parent\" data-id=\"34c414c\" data-element_type=\"container\" data-e-type=\"container\">\n\t\t<div class=\"elementor-element elementor-element-9ef447e e-con-full e-flex e-con e-child\" data-id=\"9ef447e\" data-element_type=\"container\" data-e-type=\"container\" data-settings=\"{&quot;background_background&quot;:&quot;classic&quot;}\">\n\t\t\t\t<div class=\"elementor-element elementor-element-7a40599 elementor-widget elementor-widget-image\" data-id=\"7a40599\" data-element_type=\"widget\" data-e-type=\"widget\" data-widget_type=\"image.default\">\n\t\t\t\t\t\t\t\t\t\t\t\t\t\t\t\t<a href=\"https:\/\/blizzcool.es\/pt-pt\/teto\/ventilador-de-teto-industrial-bizzcool-bwp-fam610-o-6100-mm\/\">\n\t\t\t\t\t\t\t<img loading=\"lazy\" decoding=\"async\" width=\"1024\" height=\"1024\" src=\"https:\/\/blizzcool.es\/wp-content\/uploads\/2025\/12\/Ventiladores-de-techo-GRANDES-1-1024x1024.avif\" class=\"attachment-large size-large wp-image-4074\" alt=\"Ventilador de teto industrial Bizzcool BWP FAM430\" srcset=\"https:\/\/blizzcool.es\/wp-content\/uploads\/2025\/12\/Ventiladores-de-techo-GRANDES-1-1024x1024.avif 1024w, https:\/\/blizzcool.es\/wp-content\/uploads\/2025\/12\/Ventiladores-de-techo-GRANDES-1-300x300.avif 300w, https:\/\/blizzcool.es\/wp-content\/uploads\/2025\/12\/Ventiladores-de-techo-GRANDES-1-150x150.avif 150w, https:\/\/blizzcool.es\/wp-content\/uploads\/2025\/12\/Ventiladores-de-techo-GRANDES-1-768x768.avif 768w, https:\/\/blizzcool.es\/wp-content\/uploads\/2025\/12\/Ventiladores-de-techo-GRANDES-1-600x600.avif 600w, https:\/\/blizzcool.es\/wp-content\/uploads\/2025\/12\/Ventiladores-de-techo-GRANDES-1-100x100.avif 100w, https:\/\/blizzcool.es\/wp-content\/uploads\/2025\/12\/Ventiladores-de-techo-GRANDES-1-64x64.avif 64w, https:\/\/blizzcool.es\/wp-content\/uploads\/2025\/12\/Ventiladores-de-techo-GRANDES-1.avif 1200w\" sizes=\"auto, (max-width: 1024px) 100vw, 1024px\" \/>\t\t\t\t\t\t\t\t<\/a>\n\t\t\t\t\t\t\t\t\t\t\t\t\t\t\t<\/div>\n\t\t\t\t<\/div>\n\t\t<div class=\"elementor-element elementor-element-46969fc e-con-full e-flex e-con e-child\" data-id=\"46969fc\" data-element_type=\"container\" data-e-type=\"container\">\n\t\t\t\t<div class=\"elementor-element elementor-element-4d257b1 elementor-widget elementor-widget-heading\" data-id=\"4d257b1\" data-element_type=\"widget\" data-e-type=\"widget\" data-widget_type=\"heading.default\">\n\t\t\t\t\t<h2 class=\"elementor-heading-title elementor-size-default\"><a href=\"https:\/\/blizzcool.es\/pt-pt\/teto\/ventilador-de-teto-industrial-bizzcool-bwp-fam610-o-6100-mm\/\">Ventilador de teto industrial Bizzcool BWP FAM610 \u00d8 6100 mm<\/a><\/h2>\t\t\t\t<\/div>\n\t\t\t\t<div class=\"elementor-element elementor-element-6846204 elementor-widget elementor-widget-heading\" data-id=\"6846204\" data-element_type=\"widget\" data-e-type=\"widget\" data-widget_type=\"heading.default\">\n\t\t\t\t\t<div class=\"elementor-heading-title elementor-size-default\"><span class=\"woocommerce-Price-amount amount\">1.210,00&nbsp;<span class=\"woocommerce-Price-currencySymbol\">&euro;<\/span><\/span> <span class=\"iva-productos\" style=\"font-size:0.8em;color:#27ae60;font-weight:600\"> (IVA incl.)<\/span><\/div>\t\t\t\t<\/div>\n\t\t\t\t<div class=\"elementor-element elementor-element-3b68d6b elementor-add-to-cart--align-center elementor-widget elementor-widget-woocommerce-product-add-to-cart\" data-id=\"3b68d6b\" data-element_type=\"widget\" data-e-type=\"widget\" data-widget_type=\"woocommerce-product-add-to-cart.default\">\n\t\t\t\t\t\n\t\t<div class=\"elementor-add-to-cart elementor-product-simple\">\n\t\t\t\t\t<div class=\"e-loop-add-to-cart-form-container\">\n\t\t\t<form class=\"cart e-loop-add-to-cart-form\">\n\t\t\t\t<a href=\"\/pt-pt\/wp-json\/wp\/v2\/pages\/4098?add-to-cart=4083\" aria-describedby=\"woocommerce_loop_add_to_cart_link_describedby_4083\" data-quantity=\"1\" class=\"button product_type_simple add_to_cart_button ajax_add_to_cart\" data-product_id=\"4083\" data-product_sku=\"1021006\" aria-label=\"Adiciona ao carrinho: &ldquo;Ventilador de teto industrial Bizzcool BWP FAM610 \u00d8 6100 mm&rdquo;\" rel=\"nofollow\" data-success_message=\"&ldquo;Ventilador de teto industrial Bizzcool BWP FAM610 \u00d8 6100 mm&rdquo; foi adicionado ao seu carrinho\" role=\"button\">Adicionar<\/a>\t<span id=\"woocommerce_loop_add_to_cart_link_describedby_4083\" class=\"screen-reader-text\">\n\t\t\t<\/span>\n\t\t\t<\/form>\n\t\t<\/div>\n\t\t\t\t<\/div>\n\n\t\t\t\t\t\t<\/div>\n\t\t\t\t<\/div>\n\t\t\t\t<\/div>\n\t\t\t\t<\/div>\n\t\t\t\t<div data-elementor-type=\"loop-item\" data-elementor-id=\"4139\" class=\"elementor elementor-4139 elementor-507 elementor-507 e-loop-item e-loop-item-4686 post-4686 product type-product status-publish has-post-thumbnail product_cat-teto product_cat-ventilador-industrial desktop-align-left tablet-align-left mobile-align-left last instock taxable shipping-taxable purchasable product-type-simple\" data-elementor-post-type=\"elementor_library\" data-custom-edit-handle=\"1\">\n\t\t\t<div class=\"elementor-element elementor-element-34c414c e-con-full e-flex e-con e-parent\" data-id=\"34c414c\" data-element_type=\"container\" data-e-type=\"container\">\n\t\t<div class=\"elementor-element elementor-element-9ef447e e-con-full e-flex e-con e-child\" data-id=\"9ef447e\" data-element_type=\"container\" data-e-type=\"container\" data-settings=\"{&quot;background_background&quot;:&quot;classic&quot;}\">\n\t\t\t\t<div class=\"elementor-element elementor-element-7a40599 elementor-widget elementor-widget-image\" data-id=\"7a40599\" data-element_type=\"widget\" data-e-type=\"widget\" data-widget_type=\"image.default\">\n\t\t\t\t\t\t\t\t\t\t\t\t\t\t\t\t<a href=\"https:\/\/blizzcool.es\/pt-pt\/teto\/ventilador-de-teto-industrial-bizzcool-bw-fam300-o3000-mm\/\">\n\t\t\t\t\t\t\t<img loading=\"lazy\" decoding=\"async\" width=\"1024\" height=\"1024\" src=\"https:\/\/blizzcool.es\/wp-content\/uploads\/2025\/12\/Ventilador-de-Techo-BUENA-WEB-1024x1024.avif\" class=\"attachment-large size-large wp-image-4690\" alt=\"Ventoinha de teto blizzcool\" srcset=\"https:\/\/blizzcool.es\/wp-content\/uploads\/2025\/12\/Ventilador-de-Techo-BUENA-WEB-1024x1024.avif 1024w, https:\/\/blizzcool.es\/wp-content\/uploads\/2025\/12\/Ventilador-de-Techo-BUENA-WEB-300x300.avif 300w, https:\/\/blizzcool.es\/wp-content\/uploads\/2025\/12\/Ventilador-de-Techo-BUENA-WEB-150x150.avif 150w, https:\/\/blizzcool.es\/wp-content\/uploads\/2025\/12\/Ventilador-de-Techo-BUENA-WEB-768x768.avif 768w, https:\/\/blizzcool.es\/wp-content\/uploads\/2025\/12\/Ventilador-de-Techo-BUENA-WEB-1536x1536.avif 1536w, https:\/\/blizzcool.es\/wp-content\/uploads\/2025\/12\/Ventilador-de-Techo-BUENA-WEB-600x600.avif 600w, https:\/\/blizzcool.es\/wp-content\/uploads\/2025\/12\/Ventilador-de-Techo-BUENA-WEB-100x100.avif 100w, https:\/\/blizzcool.es\/wp-content\/uploads\/2025\/12\/Ventilador-de-Techo-BUENA-WEB-64x64.avif 64w, https:\/\/blizzcool.es\/wp-content\/uploads\/2025\/12\/Ventilador-de-Techo-BUENA-WEB.avif 2000w\" sizes=\"auto, (max-width: 1024px) 100vw, 1024px\" \/>\t\t\t\t\t\t\t\t<\/a>\n\t\t\t\t\t\t\t\t\t\t\t\t\t\t\t<\/div>\n\t\t\t\t<\/div>\n\t\t<div class=\"elementor-element elementor-element-46969fc e-con-full e-flex e-con e-child\" data-id=\"46969fc\" data-element_type=\"container\" data-e-type=\"container\">\n\t\t\t\t<div class=\"elementor-element elementor-element-4d257b1 elementor-widget elementor-widget-heading\" data-id=\"4d257b1\" data-element_type=\"widget\" data-e-type=\"widget\" data-widget_type=\"heading.default\">\n\t\t\t\t\t<h2 class=\"elementor-heading-title elementor-size-default\"><a href=\"https:\/\/blizzcool.es\/pt-pt\/teto\/ventilador-de-teto-industrial-bizzcool-bw-fam300-o3000-mm\/\">Ventilador de teto industrial Bizzcool BW FAM300 \u00d83000 mm<\/a><\/h2>\t\t\t\t<\/div>\n\t\t\t\t<div class=\"elementor-element elementor-element-6846204 elementor-widget elementor-widget-heading\" data-id=\"6846204\" data-element_type=\"widget\" data-e-type=\"widget\" data-widget_type=\"heading.default\">\n\t\t\t\t\t<div class=\"elementor-heading-title elementor-size-default\"><span class=\"woocommerce-Price-amount amount\">1.355,20&nbsp;<span class=\"woocommerce-Price-currencySymbol\">&euro;<\/span><\/span> <span class=\"iva-productos\" style=\"font-size:0.8em;color:#27ae60;font-weight:600\"> (IVA incl.)<\/span><\/div>\t\t\t\t<\/div>\n\t\t\t\t<div class=\"elementor-element elementor-element-3b68d6b elementor-add-to-cart--align-center elementor-widget elementor-widget-woocommerce-product-add-to-cart\" data-id=\"3b68d6b\" data-element_type=\"widget\" data-e-type=\"widget\" data-widget_type=\"woocommerce-product-add-to-cart.default\">\n\t\t\t\t\t\n\t\t<div class=\"elementor-add-to-cart elementor-product-simple\">\n\t\t\t\t\t<div class=\"e-loop-add-to-cart-form-container\">\n\t\t\t<form class=\"cart e-loop-add-to-cart-form\">\n\t\t\t\t<a href=\"\/pt-pt\/wp-json\/wp\/v2\/pages\/4098?add-to-cart=4686\" aria-describedby=\"woocommerce_loop_add_to_cart_link_describedby_4686\" data-quantity=\"1\" class=\"button product_type_simple add_to_cart_button ajax_add_to_cart\" data-product_id=\"4686\" data-product_sku=\"1021002\" aria-label=\"Adiciona ao carrinho: &ldquo;Ventilador de teto industrial Bizzcool BW FAM300 \u00d83000 mm&rdquo;\" rel=\"nofollow\" data-success_message=\"&ldquo;Ventilador de teto industrial Bizzcool BW FAM300 \u00d83000 mm&rdquo; foi adicionado ao seu carrinho\" role=\"button\">Adicionar<\/a>\t<span id=\"woocommerce_loop_add_to_cart_link_describedby_4686\" class=\"screen-reader-text\">\n\t\t\t<\/span>\n\t\t\t<\/form>\n\t\t<\/div>\n\t\t\t\t<\/div>\n\n\t\t\t\t\t\t<\/div>\n\t\t\t\t<\/div>\n\t\t\t\t<\/div>\n\t\t\t\t<\/div>\n\t\t\t\t<div data-elementor-type=\"loop-item\" data-elementor-id=\"4139\" class=\"elementor elementor-4139 elementor-507 elementor-507 e-loop-item e-loop-item-4687 post-4687 product type-product status-publish has-post-thumbnail product_cat-teto product_cat-ventilador-industrial desktop-align-left tablet-align-left mobile-align-left first instock taxable shipping-taxable purchasable product-type-simple\" data-elementor-post-type=\"elementor_library\" data-custom-edit-handle=\"1\">\n\t\t\t<div class=\"elementor-element elementor-element-34c414c e-con-full e-flex e-con e-parent\" data-id=\"34c414c\" data-element_type=\"container\" data-e-type=\"container\">\n\t\t<div class=\"elementor-element elementor-element-9ef447e e-con-full e-flex e-con e-child\" data-id=\"9ef447e\" data-element_type=\"container\" data-e-type=\"container\" data-settings=\"{&quot;background_background&quot;:&quot;classic&quot;}\">\n\t\t\t\t<div class=\"elementor-element elementor-element-7a40599 elementor-widget elementor-widget-image\" data-id=\"7a40599\" data-element_type=\"widget\" data-e-type=\"widget\" data-widget_type=\"image.default\">\n\t\t\t\t\t\t\t\t\t\t\t\t\t\t\t\t<a href=\"https:\/\/blizzcool.es\/pt-pt\/teto\/ventilador-de-teto-industrial-bizzcool-bwp-fam430-o-4300-mm\/\">\n\t\t\t\t\t\t\t<img loading=\"lazy\" decoding=\"async\" width=\"1024\" height=\"1024\" src=\"https:\/\/blizzcool.es\/wp-content\/uploads\/2025\/12\/Ventiladores-de-techo-GRANDES-1-1024x1024.avif\" class=\"attachment-large size-large wp-image-4074\" alt=\"Ventilador de teto industrial Bizzcool BWP FAM430\" srcset=\"https:\/\/blizzcool.es\/wp-content\/uploads\/2025\/12\/Ventiladores-de-techo-GRANDES-1-1024x1024.avif 1024w, https:\/\/blizzcool.es\/wp-content\/uploads\/2025\/12\/Ventiladores-de-techo-GRANDES-1-300x300.avif 300w, https:\/\/blizzcool.es\/wp-content\/uploads\/2025\/12\/Ventiladores-de-techo-GRANDES-1-150x150.avif 150w, https:\/\/blizzcool.es\/wp-content\/uploads\/2025\/12\/Ventiladores-de-techo-GRANDES-1-768x768.avif 768w, https:\/\/blizzcool.es\/wp-content\/uploads\/2025\/12\/Ventiladores-de-techo-GRANDES-1-600x600.avif 600w, https:\/\/blizzcool.es\/wp-content\/uploads\/2025\/12\/Ventiladores-de-techo-GRANDES-1-100x100.avif 100w, https:\/\/blizzcool.es\/wp-content\/uploads\/2025\/12\/Ventiladores-de-techo-GRANDES-1-64x64.avif 64w, https:\/\/blizzcool.es\/wp-content\/uploads\/2025\/12\/Ventiladores-de-techo-GRANDES-1.avif 1200w\" sizes=\"auto, (max-width: 1024px) 100vw, 1024px\" \/>\t\t\t\t\t\t\t\t<\/a>\n\t\t\t\t\t\t\t\t\t\t\t\t\t\t\t<\/div>\n\t\t\t\t<\/div>\n\t\t<div class=\"elementor-element elementor-element-46969fc e-con-full e-flex e-con e-child\" data-id=\"46969fc\" data-element_type=\"container\" data-e-type=\"container\">\n\t\t\t\t<div class=\"elementor-element elementor-element-4d257b1 elementor-widget elementor-widget-heading\" data-id=\"4d257b1\" data-element_type=\"widget\" data-e-type=\"widget\" data-widget_type=\"heading.default\">\n\t\t\t\t\t<h2 class=\"elementor-heading-title elementor-size-default\"><a href=\"https:\/\/blizzcool.es\/pt-pt\/teto\/ventilador-de-teto-industrial-bizzcool-bwp-fam430-o-4300-mm\/\">Ventilador de teto industrial Bizzcool BWP FAM430 \u00d8 4300 mm<\/a><\/h2>\t\t\t\t<\/div>\n\t\t\t\t<div class=\"elementor-element elementor-element-6846204 elementor-widget elementor-widget-heading\" data-id=\"6846204\" data-element_type=\"widget\" data-e-type=\"widget\" data-widget_type=\"heading.default\">\n\t\t\t\t\t<div class=\"elementor-heading-title elementor-size-default\"><span class=\"woocommerce-Price-amount amount\">1.210,00&nbsp;<span class=\"woocommerce-Price-currencySymbol\">&euro;<\/span><\/span> <span class=\"iva-productos\" style=\"font-size:0.8em;color:#27ae60;font-weight:600\"> (IVA incl.)<\/span><\/div>\t\t\t\t<\/div>\n\t\t\t\t<div class=\"elementor-element elementor-element-3b68d6b elementor-add-to-cart--align-center elementor-widget elementor-widget-woocommerce-product-add-to-cart\" data-id=\"3b68d6b\" data-element_type=\"widget\" data-e-type=\"widget\" data-widget_type=\"woocommerce-product-add-to-cart.default\">\n\t\t\t\t\t\n\t\t<div class=\"elementor-add-to-cart elementor-product-simple\">\n\t\t\t\t\t<div class=\"e-loop-add-to-cart-form-container\">\n\t\t\t<form class=\"cart e-loop-add-to-cart-form\">\n\t\t\t\t<a href=\"\/pt-pt\/wp-json\/wp\/v2\/pages\/4098?add-to-cart=4687\" aria-describedby=\"woocommerce_loop_add_to_cart_link_describedby_4687\" data-quantity=\"1\" class=\"button product_type_simple add_to_cart_button ajax_add_to_cart\" data-product_id=\"4687\" data-product_sku=\"1021004\" aria-label=\"Adiciona ao carrinho: &ldquo;Ventilador de teto industrial Bizzcool BWP FAM430 \u00d8 4300 mm&rdquo;\" rel=\"nofollow\" data-success_message=\"&ldquo;Ventilador de teto industrial Bizzcool BWP FAM430 \u00d8 4300 mm&rdquo; foi adicionado ao seu carrinho\" role=\"button\">Adicionar<\/a>\t<span id=\"woocommerce_loop_add_to_cart_link_describedby_4687\" class=\"screen-reader-text\">\n\t\t\t<\/span>\n\t\t\t<\/form>\n\t\t<\/div>\n\t\t\t\t<\/div>\n\n\t\t\t\t\t\t<\/div>\n\t\t\t\t<\/div>\n\t\t\t\t<\/div>\n\t\t\t\t<\/div>\n\t\t\t\t<div data-elementor-type=\"loop-item\" data-elementor-id=\"4139\" class=\"elementor elementor-4139 elementor-507 elementor-507 e-loop-item e-loop-item-4715 post-4715 product type-product status-publish has-post-thumbnail product_cat-teto product_cat-ventilador-industrial desktop-align-left tablet-align-left mobile-align-left  instock taxable shipping-taxable purchasable product-type-simple\" data-elementor-post-type=\"elementor_library\" data-custom-edit-handle=\"1\">\n\t\t\t<div class=\"elementor-element elementor-element-34c414c e-con-full e-flex e-con e-parent\" data-id=\"34c414c\" data-element_type=\"container\" data-e-type=\"container\">\n\t\t<div class=\"elementor-element elementor-element-9ef447e e-con-full e-flex e-con e-child\" data-id=\"9ef447e\" data-element_type=\"container\" data-e-type=\"container\" data-settings=\"{&quot;background_background&quot;:&quot;classic&quot;}\">\n\t\t\t\t<div class=\"elementor-element elementor-element-7a40599 elementor-widget elementor-widget-image\" data-id=\"7a40599\" data-element_type=\"widget\" data-e-type=\"widget\" data-widget_type=\"image.default\">\n\t\t\t\t\t\t\t\t\t\t\t\t\t\t\t\t<a href=\"https:\/\/blizzcool.es\/pt-pt\/teto\/ventoinha-de-teto-industrial-bizzcool-bw-fam370-o3700-mm\/\">\n\t\t\t\t\t\t\t<img loading=\"lazy\" decoding=\"async\" width=\"1024\" height=\"1024\" src=\"https:\/\/blizzcool.es\/wp-content\/uploads\/2025\/12\/Ventilador-de-Techo-BUENA-WEB-1024x1024.avif\" class=\"attachment-large size-large wp-image-4690\" alt=\"Ventoinha de teto blizzcool\" srcset=\"https:\/\/blizzcool.es\/wp-content\/uploads\/2025\/12\/Ventilador-de-Techo-BUENA-WEB-1024x1024.avif 1024w, https:\/\/blizzcool.es\/wp-content\/uploads\/2025\/12\/Ventilador-de-Techo-BUENA-WEB-300x300.avif 300w, https:\/\/blizzcool.es\/wp-content\/uploads\/2025\/12\/Ventilador-de-Techo-BUENA-WEB-150x150.avif 150w, https:\/\/blizzcool.es\/wp-content\/uploads\/2025\/12\/Ventilador-de-Techo-BUENA-WEB-768x768.avif 768w, https:\/\/blizzcool.es\/wp-content\/uploads\/2025\/12\/Ventilador-de-Techo-BUENA-WEB-1536x1536.avif 1536w, https:\/\/blizzcool.es\/wp-content\/uploads\/2025\/12\/Ventilador-de-Techo-BUENA-WEB-600x600.avif 600w, https:\/\/blizzcool.es\/wp-content\/uploads\/2025\/12\/Ventilador-de-Techo-BUENA-WEB-100x100.avif 100w, https:\/\/blizzcool.es\/wp-content\/uploads\/2025\/12\/Ventilador-de-Techo-BUENA-WEB-64x64.avif 64w, https:\/\/blizzcool.es\/wp-content\/uploads\/2025\/12\/Ventilador-de-Techo-BUENA-WEB.avif 2000w\" sizes=\"auto, (max-width: 1024px) 100vw, 1024px\" \/>\t\t\t\t\t\t\t\t<\/a>\n\t\t\t\t\t\t\t\t\t\t\t\t\t\t\t<\/div>\n\t\t\t\t<\/div>\n\t\t<div class=\"elementor-element elementor-element-46969fc e-con-full e-flex e-con e-child\" data-id=\"46969fc\" data-element_type=\"container\" data-e-type=\"container\">\n\t\t\t\t<div class=\"elementor-element elementor-element-4d257b1 elementor-widget elementor-widget-heading\" data-id=\"4d257b1\" data-element_type=\"widget\" data-e-type=\"widget\" data-widget_type=\"heading.default\">\n\t\t\t\t\t<h2 class=\"elementor-heading-title elementor-size-default\"><a href=\"https:\/\/blizzcool.es\/pt-pt\/teto\/ventoinha-de-teto-industrial-bizzcool-bw-fam370-o3700-mm\/\">Ventoinha de teto industrial Bizzcool BW FAM370 \u00d83700 mm<\/a><\/h2>\t\t\t\t<\/div>\n\t\t\t\t<div class=\"elementor-element elementor-element-6846204 elementor-widget elementor-widget-heading\" data-id=\"6846204\" data-element_type=\"widget\" data-e-type=\"widget\" data-widget_type=\"heading.default\">\n\t\t\t\t\t<div class=\"elementor-heading-title elementor-size-default\"><span class=\"woocommerce-Price-amount amount\">1.439,90&nbsp;<span class=\"woocommerce-Price-currencySymbol\">&euro;<\/span><\/span> <span class=\"iva-productos\" style=\"font-size:0.8em;color:#27ae60;font-weight:600\"> (IVA incl.)<\/span><\/div>\t\t\t\t<\/div>\n\t\t\t\t<div class=\"elementor-element elementor-element-3b68d6b elementor-add-to-cart--align-center elementor-widget elementor-widget-woocommerce-product-add-to-cart\" data-id=\"3b68d6b\" data-element_type=\"widget\" data-e-type=\"widget\" data-widget_type=\"woocommerce-product-add-to-cart.default\">\n\t\t\t\t\t\n\t\t<div class=\"elementor-add-to-cart elementor-product-simple\">\n\t\t\t\t\t<div class=\"e-loop-add-to-cart-form-container\">\n\t\t\t<form class=\"cart e-loop-add-to-cart-form\">\n\t\t\t\t<a href=\"\/pt-pt\/wp-json\/wp\/v2\/pages\/4098?add-to-cart=4715\" aria-describedby=\"woocommerce_loop_add_to_cart_link_describedby_4715\" data-quantity=\"1\" class=\"button product_type_simple add_to_cart_button ajax_add_to_cart\" data-product_id=\"4715\" data-product_sku=\"1021003\" aria-label=\"Adiciona ao carrinho: &ldquo;Ventoinha de teto industrial Bizzcool BW FAM370 \u00d83700 mm&rdquo;\" rel=\"nofollow\" data-success_message=\"&ldquo;Ventoinha de teto industrial Bizzcool BW FAM370 \u00d83700 mm&rdquo; foi adicionado ao seu carrinho\" role=\"button\">Adicionar<\/a>\t<span id=\"woocommerce_loop_add_to_cart_link_describedby_4715\" class=\"screen-reader-text\">\n\t\t\t<\/span>\n\t\t\t<\/form>\n\t\t<\/div>\n\t\t\t\t<\/div>\n\n\t\t\t\t\t\t<\/div>\n\t\t\t\t<\/div>\n\t\t\t\t<\/div>\n\t\t\t\t<\/div>\n\t\t\t\t<\/div>\n\t\t\n\t\t\t\t\t\t<\/div>\n\t\t\t\t<\/div>\n\t\t\t\t\t<\/div>\n\t\t\t\t<\/div>\n\t\t<div class=\"elementor-element elementor-element-a40d028 e-flex e-con-boxed e-con e-parent\" data-id=\"a40d028\" data-element_type=\"container\" data-e-type=\"container\">\n\t\t\t\t\t<div class=\"e-con-inner\">\n\t\t<div class=\"elementor-element elementor-element-60261ed e-con-full e-flex e-con e-child\" data-id=\"60261ed\" data-element_type=\"container\" data-e-type=\"container\">\n\t\t\t\t<div class=\"elementor-element elementor-element-f0e3a75 elementor-widget elementor-widget-heading\" data-id=\"f0e3a75\" data-element_type=\"widget\" data-e-type=\"widget\" data-widget_type=\"heading.default\">\n\t\t\t\t\t<h2 class=\"elementor-heading-title elementor-size-default\">O princ\u00edpio que muda tudo: mover muito ar devagar<\/h2>\t\t\t\t<\/div>\n\t\t\t\t<div class=\"elementor-element elementor-element-9e6f142 elementor-widget elementor-widget-text-editor\" data-id=\"9e6f142\" data-element_type=\"widget\" data-e-type=\"widget\" data-widget_type=\"text-editor.default\">\n\t\t\t\t\t\t\t\t\t<p class=\"font-claude-response-body break-words whitespace-normal leading-[1.7]\">A maioria das pessoas associa pot\u00eancia \u00e0 velocidade. Na ventila\u00e7\u00e3o industrial de teto acontece o contr\u00e1rio: os equipamentos mais eficientes s\u00e3o os que giram mais devagar. <\/p><p class=\"font-claude-response-body break-words whitespace-normal leading-[1.7]\">A tecnologia <strong>HVLS<\/strong> \u2014High Volume, Low Speed, ou seja, alto volume a baixa velocidade\u2014 funciona com p\u00e1s de grande di\u00e2metro que rodam entre 50 e 100 RPM. A essa velocidade, as p\u00e1s n\u00e3o geram uma corrente de ar pontual, mas sim uma coluna de ar descendente que se expande radialmente ao chegar ao ch\u00e3o, como uma onda, cobrindo toda a \u00e1rea do espa\u00e7o de forma uniforme. <\/p><p class=\"font-claude-response-body break-words whitespace-normal leading-[1.7]\">O resultado pr\u00e1tico: um \u00fanico <strong>ventilador de teto industrial HVLS<\/strong> pode mover entre 100.000 e 500.000 m\u00b3\/h de ar e cobrir at\u00e9 1.800 m\u00b2 de \u00e1rea. Para obter um caudal semelhante com ventiladores convencionais seriam necess\u00e1rias entre 40 e 50 unidades. Com tudo o que isso implica em cablagem, suportes, manuten\u00e7\u00e3o e ru\u00eddo.  <\/p><p class=\"font-claude-response-body break-words whitespace-normal leading-[1.7]\">E o consumo desse \u00fanico equipamento HVLS situa-se entre 0,75 e 1,5 kW. Menos de um euro por dia para climatizar um pavilh\u00e3o inteiro. <\/p>\t\t\t\t\t\t\t\t<\/div>\n\t\t\t\t<\/div>\n\t\t\t\t\t<\/div>\n\t\t\t\t<\/div>\n\t\t<div class=\"elementor-element elementor-element-0df1ee1 e-flex e-con-boxed e-con e-parent\" data-id=\"0df1ee1\" data-element_type=\"container\" data-e-type=\"container\">\n\t\t\t\t\t<div class=\"e-con-inner\">\n\t\t<div class=\"elementor-element elementor-element-64fce7f e-con-full e-flex e-con e-child\" data-id=\"64fce7f\" data-element_type=\"container\" data-e-type=\"container\">\n\t\t\t\t<div class=\"elementor-element elementor-element-2c0a068 elementor-widget elementor-widget-heading\" data-id=\"2c0a068\" data-element_type=\"widget\" data-e-type=\"widget\" data-widget_type=\"heading.default\">\n\t\t\t\t\t<h2 class=\"elementor-heading-title elementor-size-default\">Quando faz sentido instalar um ventilador de teto e quando n\u00e3o<\/h2>\t\t\t\t<\/div>\n\t\t\t\t<div class=\"elementor-element elementor-element-7c320e5 elementor-widget elementor-widget-text-editor\" data-id=\"7c320e5\" data-element_type=\"widget\" data-e-type=\"widget\" data-widget_type=\"text-editor.default\">\n\t\t\t\t\t\t\t\t\t<p class=\"font-claude-response-body break-words whitespace-normal leading-[1.7]\">Um <strong>ventilador industrial de teto<\/strong> n\u00e3o \u00e9 a solu\u00e7\u00e3o adequada para todos os espa\u00e7os. Ser honesto quanto a isto ajuda a tomar a decis\u00e3o certa. <\/p><p class=\"font-claude-response-body break-words whitespace-normal leading-[1.7]\"><strong>Faz sentido quando:<\/strong><\/p><ul class=\"[li_&amp;]:mb-0 [li_&amp;]:mt-1 [li_&amp;]:gap-1 [&amp;:not(:last-child)_ul]:pb-1 [&amp;:not(:last-child)_ol]:pb-1 list-disc flex flex-col gap-1 pl-8 mb-3\"><li class=\"whitespace-normal break-words pl-2\">O teto tem mais de 3 metros de altura livre (os HVLS precisam de, no m\u00ednimo, 4\u20135 m)<\/li><li class=\"whitespace-normal break-words pl-2\">O espa\u00e7o ultrapassa os 200 m\u00b2 de \u00e1rea<\/li><li class=\"whitespace-normal break-words pl-2\">H\u00e1 problema de estratifica\u00e7\u00e3o t\u00e9rmica (calor no teto, frio no ch\u00e3o)<\/li><li class=\"whitespace-normal break-words pl-2\">As portas est\u00e3o frequentemente abertas e o ar condicionado convencional perde efic\u00e1cia<\/li><li class=\"whitespace-normal break-words pl-2\">A atividade gera calor residual (m\u00e1quinas, pessoas, ilumina\u00e7\u00e3o industrial)<\/li><\/ul><p class=\"font-claude-response-body break-words whitespace-normal leading-[1.7]\"><strong>N\u00e3o \u00e9 a solu\u00e7\u00e3o principal quando:<\/strong><\/p><ul class=\"[li_&amp;]:mb-0 [li_&amp;]:mt-1 [li_&amp;]:gap-1 [&amp;:not(:last-child)_ul]:pb-1 [&amp;:not(:last-child)_ol]:pb-1 list-disc flex flex-col gap-1 pl-8 mb-3\"><li class=\"whitespace-normal break-words pl-2\">O teto est\u00e1 abaixo de 3 metros \u2014 nesse caso, um ventilador de parede ou port\u00e1til \u00e9 mais eficaz<\/li><li class=\"whitespace-normal break-words pl-2\">O espa\u00e7o \u00e9 pequeno e compartimentado \u2014 a coluna de ar do HVLS precisa de percurso livre para se expandir<\/li><li class=\"whitespace-normal break-words pl-2\">\u00c9 necess\u00e1rio arrefecer o ar, n\u00e3o apenas mov\u00ea-lo \u2014 nesse caso, combin\u00e1-lo com um arrefecedor evaporativo ou nebulizador d\u00e1 melhor resultado<\/li><\/ul>\t\t\t\t\t\t\t\t<\/div>\n\t\t\t\t<\/div>\n\t\t\t\t\t<\/div>\n\t\t\t\t<\/div>\n\t\t<div class=\"elementor-element elementor-element-c24f88a e-flex e-con-boxed e-con e-parent\" data-id=\"c24f88a\" data-element_type=\"container\" data-e-type=\"container\">\n\t\t\t\t\t<div class=\"e-con-inner\">\n\t\t<div class=\"elementor-element elementor-element-210de2f e-con-full e-flex e-con e-child\" data-id=\"210de2f\" data-element_type=\"container\" data-e-type=\"container\">\n\t\t\t\t<div class=\"elementor-element elementor-element-4816bae elementor-widget elementor-widget-heading\" data-id=\"4816bae\" data-element_type=\"widget\" data-e-type=\"widget\" data-widget_type=\"heading.default\">\n\t\t\t\t\t<h2 class=\"elementor-heading-title elementor-size-default\">Setores onde mais se instala<\/h2>\t\t\t\t<\/div>\n\t\t\t\t<div class=\"elementor-element elementor-element-ae7f791 elementor-widget elementor-widget-text-editor\" data-id=\"ae7f791\" data-element_type=\"widget\" data-e-type=\"widget\" data-widget_type=\"text-editor.default\">\n\t\t\t\t\t\t\t\t\t<p class=\"font-claude-response-body break-words whitespace-normal leading-[1.7]\">Os <strong>ventiladores de teto industriais<\/strong> est\u00e3o presentes em ambientes muito distintos, mas todos partilham uma caracter\u00edstica: espa\u00e7os grandes com tetos altos onde o movimento do ar tem impacto direto nas pessoas ou nos processos.<\/p><p class=\"font-claude-response-body break-words whitespace-normal leading-[1.7]\"><strong>Log\u00edstica e distribui\u00e7\u00e3o<\/strong> \u2014 Os centros de distribui\u00e7\u00e3o com portas de carga abertas s\u00e3o o caso de utiliza\u00e7\u00e3o mais comum. O ventilador HVLS mant\u00e9m condi\u00e7\u00f5es est\u00e1veis independentemente do tr\u00e1fego de entrada e sa\u00edda de mercadorias. <\/p><p class=\"font-claude-response-body break-words whitespace-normal leading-[1.7]\"><strong>Ind\u00fastria alimentar e farmac\u00eautica<\/strong> \u2014 Setores onde o controlo de temperatura e humidade faz parte do processo produtivo. Os modelos com prote\u00e7\u00e3o IP elevada resistem a ambientes com elevada humidade, condensa\u00e7\u00e3o e limpezas frequentes. <\/p><p class=\"font-claude-response-body break-words whitespace-normal leading-[1.7]\"><strong>Pecu\u00e1ria intensiva<\/strong> \u2014 O stress t\u00e9rmico em bovinos e su\u00ednos reduz diretamente os \u00edndices de produ\u00e7\u00e3o. Os ventiladores HVLS melhoram o bem-estar animal de forma cont\u00ednua e com um consumo m\u00ednimo, comparado com sistemas de refrigera\u00e7\u00e3o ativos. <\/p><p class=\"font-claude-response-body break-words whitespace-normal leading-[1.7]\"><strong>Pavilh\u00f5es desportivos<\/strong> \u2014 Um espa\u00e7o de 40&#215;60 metros com um jogo a decorrer gera uma carga t\u00e9rmica enorme. Um \u00fanico ventilador de teto bem posicionado pode equilibrar toda a temperatura do pavilh\u00e3o sem criar correntes inc\u00f3modas no campo. <\/p><p class=\"font-claude-response-body break-words whitespace-normal leading-[1.7]\"><strong>Oficinas de autom\u00f3vel e metalurgia<\/strong> \u2014 A maquinaria gera calor constante e os fumos tendem a acumular-se em altura. O ventilador de teto evacua esse calor e dilui os contaminantes em suspens\u00e3o, melhorando tanto o conforto como a qualidade do ar. <\/p>\t\t\t\t\t\t\t\t<\/div>\n\t\t\t\t<\/div>\n\t\t\t\t\t<\/div>\n\t\t\t\t<\/div>\n\t\t<div class=\"elementor-element elementor-element-ba14746 e-flex e-con-boxed e-con e-parent\" data-id=\"ba14746\" data-element_type=\"container\" data-e-type=\"container\">\n\t\t\t\t\t<div class=\"e-con-inner\">\n\t\t\t\t<div class=\"elementor-element elementor-element-93f6176 elementor-widget elementor-widget-heading\" data-id=\"93f6176\" data-element_type=\"widget\" data-e-type=\"widget\" data-widget_type=\"heading.default\">\n\t\t\t\t\t<h2 class=\"elementor-heading-title elementor-size-default\">Perguntas frequentes sobre ventiladores industriais de teto<\/h2>\t\t\t\t<\/div>\n\t\t\t\t<div class=\"elementor-element elementor-element-a3cc025 elementor-widget elementor-widget-n-accordion\" data-id=\"a3cc025\" data-element_type=\"widget\" data-e-type=\"widget\" data-settings=\"{&quot;default_state&quot;:&quot;expanded&quot;,&quot;max_items_expended&quot;:&quot;one&quot;,&quot;n_accordion_animation_duration&quot;:{&quot;unit&quot;:&quot;ms&quot;,&quot;size&quot;:400,&quot;sizes&quot;:[]}}\" data-widget_type=\"nested-accordion.default\">\n\t\t\t\t\t\t\t<div class=\"e-n-accordion\" aria-label=\"Accordion. Open links with Enter or Space, close with Escape, and navigate with Arrow Keys\">\n\t\t\t\t\t\t<details id=\"e-n-accordion-item-1710\" class=\"e-n-accordion-item\" open>\n\t\t\t\t<summary class=\"e-n-accordion-item-title\" data-accordion-index=\"1\" tabindex=\"0\" aria-expanded=\"true\" aria-controls=\"e-n-accordion-item-1710\" >\n\t\t\t\t\t<span class='e-n-accordion-item-title-header'><div class=\"e-n-accordion-item-title-text\"> De que altura livre preciso para instalar um ventilador HVLS? <\/div><\/span>\n\t\t\t\t\t\t\t<span class='e-n-accordion-item-title-icon'>\n\t\t\t<span class='e-opened' ><svg aria-hidden=\"true\" class=\"e-font-icon-svg e-fas-minus\" viewBox=\"0 0 448 512\" xmlns=\"http:\/\/www.w3.org\/2000\/svg\"><path d=\"M416 208H32c-17.67 0-32 14.33-32 32v32c0 17.67 14.33 32 32 32h384c17.67 0 32-14.33 32-32v-32c0-17.67-14.33-32-32-32z\"><\/path><\/svg><\/span>\n\t\t\t<span class='e-closed'><svg aria-hidden=\"true\" class=\"e-font-icon-svg e-fas-plus\" viewBox=\"0 0 448 512\" xmlns=\"http:\/\/www.w3.org\/2000\/svg\"><path d=\"M416 208H272V64c0-17.67-14.33-32-32-32h-32c-17.67 0-32 14.33-32 32v144H32c-17.67 0-32 14.33-32 32v32c0 17.67 14.33 32 32 32h144v144c0 17.67 14.33 32 32 32h32c17.67 0 32-14.33 32-32V304h144c17.67 0 32-14.33 32-32v-32c0-17.67-14.33-32-32-32z\"><\/path><\/svg><\/span>\n\t\t<\/span>\n\n\t\t\t\t\t\t<\/summary>\n\t\t\t\t<div role=\"region\" aria-labelledby=\"e-n-accordion-item-1710\" class=\"elementor-element elementor-element-c60a167 e-con-full e-flex e-con e-child\" data-id=\"c60a167\" data-element_type=\"container\" data-e-type=\"container\">\n\t\t<div role=\"region\" aria-labelledby=\"e-n-accordion-item-1710\" class=\"elementor-element elementor-element-f045a1a e-flex e-con-boxed e-con e-child\" data-id=\"f045a1a\" data-element_type=\"container\" data-e-type=\"container\">\n\t\t\t\t\t<div class=\"e-con-inner\">\n\t\t\t\t<div class=\"elementor-element elementor-element-7809f7a elementor-widget elementor-widget-text-editor\" data-id=\"7809f7a\" data-element_type=\"widget\" data-e-type=\"widget\" data-widget_type=\"text-editor.default\">\n\t\t\t\t\t\t\t\t\t<p>Os modelos de gama m\u00e9dia funcionam bem a partir de 3,5\u20134 metros de altura livre entre o ch\u00e3o e o ponto mais baixo do ventilador. Os modelos HVLS de grande formato (di\u00e2metro das p\u00e1s de 4 a 7 metros) precisam de entre 5 e 6 metros de altura m\u00ednima para que a coluna de ar chegue eficazmente ao n\u00edvel do ch\u00e3o. Para tetos entre 6 e 12 metros, s\u00e3o a solu\u00e7\u00e3o ideal.  <\/p>\t\t\t\t\t\t\t\t<\/div>\n\t\t\t\t\t<\/div>\n\t\t\t\t<\/div>\n\t\t\t\t<\/div>\n\t\t\t\t\t<\/details>\n\t\t\t\t\t\t<details id=\"e-n-accordion-item-1711\" class=\"e-n-accordion-item\" >\n\t\t\t\t<summary class=\"e-n-accordion-item-title\" data-accordion-index=\"2\" tabindex=\"-1\" aria-expanded=\"false\" aria-controls=\"e-n-accordion-item-1711\" >\n\t\t\t\t\t<span class='e-n-accordion-item-title-header'><div class=\"e-n-accordion-item-title-text\"> Quantos ventiladores de teto preciso para o meu pavilh\u00e3o? <\/div><\/span>\n\t\t\t\t\t\t\t<span class='e-n-accordion-item-title-icon'>\n\t\t\t<span class='e-opened' ><svg aria-hidden=\"true\" class=\"e-font-icon-svg e-fas-minus\" viewBox=\"0 0 448 512\" xmlns=\"http:\/\/www.w3.org\/2000\/svg\"><path d=\"M416 208H32c-17.67 0-32 14.33-32 32v32c0 17.67 14.33 32 32 32h384c17.67 0 32-14.33 32-32v-32c0-17.67-14.33-32-32-32z\"><\/path><\/svg><\/span>\n\t\t\t<span class='e-closed'><svg aria-hidden=\"true\" class=\"e-font-icon-svg e-fas-plus\" viewBox=\"0 0 448 512\" xmlns=\"http:\/\/www.w3.org\/2000\/svg\"><path d=\"M416 208H272V64c0-17.67-14.33-32-32-32h-32c-17.67 0-32 14.33-32 32v144H32c-17.67 0-32 14.33-32 32v32c0 17.67 14.33 32 32 32h144v144c0 17.67 14.33 32 32 32h32c17.67 0 32-14.33 32-32V304h144c17.67 0 32-14.33 32-32v-32c0-17.67-14.33-32-32-32z\"><\/path><\/svg><\/span>\n\t\t<\/span>\n\n\t\t\t\t\t\t<\/summary>\n\t\t\t\t<div role=\"region\" aria-labelledby=\"e-n-accordion-item-1711\" class=\"elementor-element elementor-element-1d3f8e3 e-con-full e-flex e-con e-child\" data-id=\"1d3f8e3\" data-element_type=\"container\" data-e-type=\"container\">\n\t\t<div role=\"region\" aria-labelledby=\"e-n-accordion-item-1711\" class=\"elementor-element elementor-element-33d0cbc e-flex e-con-boxed e-con e-child\" data-id=\"33d0cbc\" data-element_type=\"container\" data-e-type=\"container\">\n\t\t\t\t\t<div class=\"e-con-inner\">\n\t\t\t\t<div class=\"elementor-element elementor-element-0b112aa elementor-widget elementor-widget-text-editor\" data-id=\"0b112aa\" data-element_type=\"widget\" data-e-type=\"widget\" data-widget_type=\"text-editor.default\">\n\t\t\t\t\t\t\t\t\t<p>A regra orientativa \u00e9 que um ventilador HVLS cobre uma \u00e1rea equivalente a cerca de cinco vezes o quadrado do di\u00e2metro das suas p\u00e1s. Um modelo de 4 metros de di\u00e2metro cobre aproximadamente 800\u20131.000 m\u00b2. Para espa\u00e7os com pilares, distribui\u00e7\u00f5es em L ou alturas vari\u00e1veis, o mais preciso \u00e9 um estudo de instala\u00e7\u00e3o personalizado.  <\/p>\t\t\t\t\t\t\t\t<\/div>\n\t\t\t\t\t<\/div>\n\t\t\t\t<\/div>\n\t\t\t\t<\/div>\n\t\t\t\t\t<\/details>\n\t\t\t\t\t\t<details id=\"e-n-accordion-item-1712\" class=\"e-n-accordion-item\" >\n\t\t\t\t<summary class=\"e-n-accordion-item-title\" data-accordion-index=\"3\" tabindex=\"-1\" aria-expanded=\"false\" aria-controls=\"e-n-accordion-item-1712\" >\n\t\t\t\t\t<span class='e-n-accordion-item-title-header'><div class=\"e-n-accordion-item-title-text\"> O ventilador industrial de teto gera uma corrente de ar inc\u00f3moda? <\/div><\/span>\n\t\t\t\t\t\t\t<span class='e-n-accordion-item-title-icon'>\n\t\t\t<span class='e-opened' ><svg aria-hidden=\"true\" class=\"e-font-icon-svg e-fas-minus\" viewBox=\"0 0 448 512\" xmlns=\"http:\/\/www.w3.org\/2000\/svg\"><path d=\"M416 208H32c-17.67 0-32 14.33-32 32v32c0 17.67 14.33 32 32 32h384c17.67 0 32-14.33 32-32v-32c0-17.67-14.33-32-32-32z\"><\/path><\/svg><\/span>\n\t\t\t<span class='e-closed'><svg aria-hidden=\"true\" class=\"e-font-icon-svg e-fas-plus\" viewBox=\"0 0 448 512\" xmlns=\"http:\/\/www.w3.org\/2000\/svg\"><path d=\"M416 208H272V64c0-17.67-14.33-32-32-32h-32c-17.67 0-32 14.33-32 32v144H32c-17.67 0-32 14.33-32 32v32c0 17.67 14.33 32 32 32h144v144c0 17.67 14.33 32 32 32h32c17.67 0 32-14.33 32-32V304h144c17.67 0 32-14.33 32-32v-32c0-17.67-14.33-32-32-32z\"><\/path><\/svg><\/span>\n\t\t<\/span>\n\n\t\t\t\t\t\t<\/summary>\n\t\t\t\t<div role=\"region\" aria-labelledby=\"e-n-accordion-item-1712\" class=\"elementor-element elementor-element-7755bec e-con-full e-flex e-con e-child\" data-id=\"7755bec\" data-element_type=\"container\" data-e-type=\"container\">\n\t\t<div role=\"region\" aria-labelledby=\"e-n-accordion-item-1712\" class=\"elementor-element elementor-element-7e087c2 e-flex e-con-boxed e-con e-child\" data-id=\"7e087c2\" data-element_type=\"container\" data-e-type=\"container\">\n\t\t\t\t\t<div class=\"e-con-inner\">\n\t\t\t\t<div class=\"elementor-element elementor-element-a7a8b6b elementor-widget elementor-widget-text-editor\" data-id=\"a7a8b6b\" data-element_type=\"widget\" data-e-type=\"widget\" data-widget_type=\"text-editor.default\">\n\t\t\t\t\t\t\t\t\t<p>N\u00e3o, se estiver corretamente dimensionado para o espa\u00e7o. A tecnologia HVLS foi concebida precisamente para gerar uma brisa suave e uniforme, n\u00e3o uma corrente direta. A sensa\u00e7\u00e3o \u00e9 semelhante a uma ligeira brisa exterior: percet\u00edvel, mas n\u00e3o inc\u00f3moda. Em postos de trabalho de precis\u00e3o ou zonas com pap\u00e9is ou materiais leves, conv\u00e9m verificar a velocidade do ar ao n\u00edvel de trabalho.   <\/p>\t\t\t\t\t\t\t\t<\/div>\n\t\t\t\t\t<\/div>\n\t\t\t\t<\/div>\n\t\t\t\t<\/div>\n\t\t\t\t\t<\/details>\n\t\t\t\t\t\t<details id=\"e-n-accordion-item-1713\" class=\"e-n-accordion-item\" >\n\t\t\t\t<summary class=\"e-n-accordion-item-title\" data-accordion-index=\"4\" tabindex=\"-1\" aria-expanded=\"false\" aria-controls=\"e-n-accordion-item-1713\" >\n\t\t\t\t\t<span class='e-n-accordion-item-title-header'><div class=\"e-n-accordion-item-title-text\"> Posso instalar um ventilador industrial de teto num pavilh\u00e3o com p\u00f3 ou humidade? <\/div><\/span>\n\t\t\t\t\t\t\t<span class='e-n-accordion-item-title-icon'>\n\t\t\t<span class='e-opened' ><svg aria-hidden=\"true\" class=\"e-font-icon-svg e-fas-minus\" viewBox=\"0 0 448 512\" xmlns=\"http:\/\/www.w3.org\/2000\/svg\"><path d=\"M416 208H32c-17.67 0-32 14.33-32 32v32c0 17.67 14.33 32 32 32h384c17.67 0 32-14.33 32-32v-32c0-17.67-14.33-32-32-32z\"><\/path><\/svg><\/span>\n\t\t\t<span class='e-closed'><svg aria-hidden=\"true\" class=\"e-font-icon-svg e-fas-plus\" viewBox=\"0 0 448 512\" xmlns=\"http:\/\/www.w3.org\/2000\/svg\"><path d=\"M416 208H272V64c0-17.67-14.33-32-32-32h-32c-17.67 0-32 14.33-32 32v144H32c-17.67 0-32 14.33-32 32v32c0 17.67 14.33 32 32 32h144v144c0 17.67 14.33 32 32 32h32c17.67 0 32-14.33 32-32V304h144c17.67 0 32-14.33 32-32v-32c0-17.67-14.33-32-32-32z\"><\/path><\/svg><\/span>\n\t\t<\/span>\n\n\t\t\t\t\t\t<\/summary>\n\t\t\t\t<div role=\"region\" aria-labelledby=\"e-n-accordion-item-1713\" class=\"elementor-element elementor-element-bb22351 e-flex e-con-boxed e-con e-child\" data-id=\"bb22351\" data-element_type=\"container\" data-e-type=\"container\">\n\t\t\t\t\t<div class=\"e-con-inner\">\n\t\t<div role=\"region\" aria-labelledby=\"e-n-accordion-item-1713\" class=\"elementor-element elementor-element-f2b9da4 e-con-full e-flex e-con e-child\" data-id=\"f2b9da4\" data-element_type=\"container\" data-e-type=\"container\">\n\t\t\t\t<div class=\"elementor-element elementor-element-e746486 elementor-widget elementor-widget-text-editor\" data-id=\"e746486\" data-element_type=\"widget\" data-e-type=\"widget\" data-widget_type=\"text-editor.default\">\n\t\t\t\t\t\t\t\t\t<p>Sim, com o modelo adequado. Para ambientes com presen\u00e7a de p\u00f3, serrim ou part\u00edculas, recomenda-se prote\u00e7\u00e3o m\u00ednima IP44. Para ambientes h\u00famidos, condensa\u00e7\u00e3o ou limpezas com \u00e1gua sob press\u00e3o, IP55 ou superior. \u00c9 o par\u00e2metro mais importante a verificar antes de comprar para ambientes industriais exigentes.   <\/p>\t\t\t\t\t\t\t\t<\/div>\n\t\t\t\t<\/div>\n\t\t\t\t\t<\/div>\n\t\t\t\t<\/div>\n\t\t\t\t\t<\/details>\n\t\t\t\t\t\t<details id=\"e-n-accordion-item-1714\" class=\"e-n-accordion-item\" >\n\t\t\t\t<summary class=\"e-n-accordion-item-title\" data-accordion-index=\"5\" tabindex=\"-1\" aria-expanded=\"false\" aria-controls=\"e-n-accordion-item-1714\" >\n\t\t\t\t\t<span class='e-n-accordion-item-title-header'><div class=\"e-n-accordion-item-title-text\"> \u00c9 poss\u00edvel controlar a velocidade e o sentido de rota\u00e7\u00e3o? <\/div><\/span>\n\t\t\t\t\t\t\t<span class='e-n-accordion-item-title-icon'>\n\t\t\t<span class='e-opened' ><svg aria-hidden=\"true\" class=\"e-font-icon-svg e-fas-minus\" viewBox=\"0 0 448 512\" xmlns=\"http:\/\/www.w3.org\/2000\/svg\"><path d=\"M416 208H32c-17.67 0-32 14.33-32 32v32c0 17.67 14.33 32 32 32h384c17.67 0 32-14.33 32-32v-32c0-17.67-14.33-32-32-32z\"><\/path><\/svg><\/span>\n\t\t\t<span class='e-closed'><svg aria-hidden=\"true\" class=\"e-font-icon-svg e-fas-plus\" viewBox=\"0 0 448 512\" xmlns=\"http:\/\/www.w3.org\/2000\/svg\"><path d=\"M416 208H272V64c0-17.67-14.33-32-32-32h-32c-17.67 0-32 14.33-32 32v144H32c-17.67 0-32 14.33-32 32v32c0 17.67 14.33 32 32 32h144v144c0 17.67 14.33 32 32 32h32c17.67 0 32-14.33 32-32V304h144c17.67 0 32-14.33 32-32v-32c0-17.67-14.33-32-32-32z\"><\/path><\/svg><\/span>\n\t\t<\/span>\n\n\t\t\t\t\t\t<\/summary>\n\t\t\t\t<div role=\"region\" aria-labelledby=\"e-n-accordion-item-1714\" class=\"elementor-element elementor-element-73e48d0 e-flex e-con-boxed e-con e-child\" data-id=\"73e48d0\" data-element_type=\"container\" data-e-type=\"container\">\n\t\t\t\t\t<div class=\"e-con-inner\">\n\t\t<div role=\"region\" aria-labelledby=\"e-n-accordion-item-1714\" class=\"elementor-element elementor-element-94d6860 e-con-full e-flex e-con e-child\" data-id=\"94d6860\" data-element_type=\"container\" data-e-type=\"container\">\n\t\t\t\t<div class=\"elementor-element elementor-element-07b053c elementor-widget elementor-widget-text-editor\" data-id=\"07b053c\" data-element_type=\"widget\" data-e-type=\"widget\" data-widget_type=\"text-editor.default\">\n\t\t\t\t\t\t\t\t\t<p>Sim. Os modelos com motor DC brushless permitem regular a velocidade de forma cont\u00ednua a partir de um comando de parede ou controlo remoto. O sentido de rota\u00e7\u00e3o \u2014ver\u00e3o para baixo, inverno para cima\u2014 \u00e9 normalmente invertido com um seletor no motor ou a partir do painel de controlo.  <\/p>\t\t\t\t\t\t\t\t<\/div>\n\t\t\t\t<\/div>\n\t\t\t\t\t<\/div>\n\t\t\t\t<\/div>\n\t\t\t\t\t<\/details>\n\t\t\t\t\t\t<details id=\"e-n-accordion-item-1715\" class=\"e-n-accordion-item\" >\n\t\t\t\t<summary class=\"e-n-accordion-item-title\" data-accordion-index=\"6\" tabindex=\"-1\" aria-expanded=\"false\" aria-controls=\"e-n-accordion-item-1715\" >\n\t\t\t\t\t<span class='e-n-accordion-item-title-header'><div class=\"e-n-accordion-item-title-text\"> Que manuten\u00e7\u00e3o necessita um ventilador industrial de teto? <\/div><\/span>\n\t\t\t\t\t\t\t<span class='e-n-accordion-item-title-icon'>\n\t\t\t<span class='e-opened' ><svg aria-hidden=\"true\" class=\"e-font-icon-svg e-fas-minus\" viewBox=\"0 0 448 512\" xmlns=\"http:\/\/www.w3.org\/2000\/svg\"><path d=\"M416 208H32c-17.67 0-32 14.33-32 32v32c0 17.67 14.33 32 32 32h384c17.67 0 32-14.33 32-32v-32c0-17.67-14.33-32-32-32z\"><\/path><\/svg><\/span>\n\t\t\t<span class='e-closed'><svg aria-hidden=\"true\" class=\"e-font-icon-svg e-fas-plus\" viewBox=\"0 0 448 512\" xmlns=\"http:\/\/www.w3.org\/2000\/svg\"><path d=\"M416 208H272V64c0-17.67-14.33-32-32-32h-32c-17.67 0-32 14.33-32 32v144H32c-17.67 0-32 14.33-32 32v32c0 17.67 14.33 32 32 32h144v144c0 17.67 14.33 32 32 32h32c17.67 0 32-14.33 32-32V304h144c17.67 0 32-14.33 32-32v-32c0-17.67-14.33-32-32-32z\"><\/path><\/svg><\/span>\n\t\t<\/span>\n\n\t\t\t\t\t\t<\/summary>\n\t\t\t\t<div role=\"region\" aria-labelledby=\"e-n-accordion-item-1715\" class=\"elementor-element elementor-element-a01929a e-flex e-con-boxed e-con e-child\" data-id=\"a01929a\" data-element_type=\"container\" data-e-type=\"container\">\n\t\t\t\t\t<div class=\"e-con-inner\">\n\t\t<div role=\"region\" aria-labelledby=\"e-n-accordion-item-1715\" class=\"elementor-element elementor-element-f2350ec e-con-full e-flex e-con e-child\" data-id=\"f2350ec\" data-element_type=\"container\" data-e-type=\"container\">\n\t\t\t\t<div class=\"elementor-element elementor-element-d8c334f elementor-widget elementor-widget-text-editor\" data-id=\"d8c334f\" data-element_type=\"widget\" data-e-type=\"widget\" data-widget_type=\"text-editor.default\">\n\t\t\t\t\t\t\t\t\t<p>A manuten\u00e7\u00e3o \u00e9 m\u00ednima. Os motores DC brushless n\u00e3o t\u00eam escovas nem pe\u00e7as de desgaste interno, o que elimina a necessidade de revis\u00f5es peri\u00f3dicas do motor. A limpeza ocasional das p\u00e1s para evitar acumula\u00e7\u00e3o de p\u00f3 e uma verifica\u00e7\u00e3o anual das fixa\u00e7\u00f5es \u00e9 suficiente na maioria das instala\u00e7\u00f5es.  <\/p>\t\t\t\t\t\t\t\t<\/div>\n\t\t\t\t<\/div>\n\t\t\t\t\t<\/div>\n\t\t\t\t<\/div>\n\t\t\t\t\t<\/details>\n\t\t\t\t\t<\/div>\n\t\t\t\t\t\t<\/div>\n\t\t\t\t<div class=\"elementor-element elementor-element-cb813a5 elementor-widget elementor-widget-html\" data-id=\"cb813a5\" data-element_type=\"widget\" data-e-type=\"widget\" data-widget_type=\"html.default\">\n\t\t\t\t\t<script type=\"application\/ld+json\">{\n  \"@context\": \"https:\/\/schema.org\",\n  \"@type\": \"FAQPage\",\n  \"mainEntity\": [\n    {\n      \"@type\": \"Question\",\n      \"name\": \"\u00bfCu\u00e1nta altura libre necesito para instalar un ventilador HVLS?\",\n      \"acceptedAnswer\": {\n        \"@type\": \"Answer\",\n        \"text\": \"Los modelos de rango medio funcionan bien a partir de 3,5-4 metros de altura libre entre el suelo y el punto m\u00e1s bajo del ventilador. Los modelos HVLS de gran formato (di\u00e1metro de aspas de 4 a 7 metros) necesitan entre 5 y 6 metros de altura m\u00ednima para que la columna de aire llegue eficazmente al nivel del suelo. Para techos entre 6 y 12 metros son la soluci\u00f3n \u00f3ptima.\"\n      }\n    },\n    {\n      \"@type\": \"Question\",\n      \"name\": \"\u00bfCu\u00e1ntos ventiladores de techo necesito para mi nave?\",\n      \"acceptedAnswer\": {\n        \"@type\": \"Answer\",\n        \"text\": \"La regla orientativa es que un ventilador HVLS cubre una superficie equivalente a unas cinco veces el di\u00e1metro de sus aspas al cuadrado. Un modelo de 4 metros de di\u00e1metro cubre aproximadamente 800-1.000 m\u00b2. Para espacios con pilares, distribuciones en L o alturas variables, lo m\u00e1s preciso es un estudio de instalaci\u00f3n personalizado.\"\n      }\n    },\n    {\n      \"@type\": \"Question\",\n      \"name\": \"\u00bfEl ventilador de techo industrial genera corriente de aire molesta?\",\n      \"acceptedAnswer\": {\n        \"@type\": \"Answer\",\n        \"text\": \"No, si est\u00e1 correctamente dimensionado para el espacio. La tecnolog\u00eda HVLS est\u00e1 dise\u00f1ada precisamente para generar una brisa suave y uniforme, no una corriente directa. La sensaci\u00f3n es similar a una ligera brisa exterior: perceptible pero no inc\u00f3moda. En puestos de trabajo de precisi\u00f3n o zonas con papeles o materiales ligeros, conviene verificar la velocidad de aire en el plano de trabajo.\"\n      }\n    },\n    {\n      \"@type\": \"Question\",\n      \"name\": \"\u00bfPuedo instalar un ventilador de techo industrial en una nave con polvo o humedad?\",\n      \"acceptedAnswer\": {\n        \"@type\": \"Answer\",\n        \"text\": \"S\u00ed, con el modelo adecuado. Para entornos con presencia de polvo, serr\u00edn o part\u00edculas, se recomienda protecci\u00f3n m\u00ednima IP44. Para ambientes h\u00famedos, condensaciones o limpiezas con agua a presi\u00f3n, IP55 o superior. Es el par\u00e1metro m\u00e1s importante a verificar antes de comprar en entornos industriales exigentes.\"\n      }\n    },\n    {\n      \"@type\": \"Question\",\n      \"name\": \"\u00bfSe puede controlar la velocidad y el sentido de giro de un ventilador de techo industrial?\",\n      \"acceptedAnswer\": {\n        \"@type\": \"Answer\",\n        \"text\": \"S\u00ed. Los modelos con motor DC brushless permiten regular la velocidad de forma continua desde un mando de pared o control remoto. El sentido de giro \u2014verano hacia abajo, invierno hacia arriba\u2014 se invierte normalmente con un selector en el motor o desde el panel de control.\"\n      }\n    },\n    {\n      \"@type\": \"Question\",\n      \"name\": \"\u00bfQu\u00e9 mantenimiento necesita un ventilador de techo industrial?\",\n      \"acceptedAnswer\": {\n        \"@type\": \"Answer\",\n        \"text\": \"El mantenimiento es m\u00ednimo. Los motores DC brushless no tienen escobillas ni piezas de desgaste interno, lo que elimina la necesidad de revisiones peri\u00f3dicas del motor. La limpieza ocasional de las aspas para evitar acumulaci\u00f3n de polvo y una revisi\u00f3n anual de los anclajes es suficiente en la mayor\u00eda de instalaciones.\"\n      }\n    }\n  ]\n}\n<\/script>\t\t\t\t<\/div>\n\t\t\t\t\t<\/div>\n\t\t\t\t<\/div>\n\t\t<div class=\"elementor-element elementor-element-258d5aa e-flex e-con-boxed e-con e-parent\" data-id=\"258d5aa\" data-element_type=\"container\" data-e-type=\"container\" data-settings=\"{&quot;background_background&quot;:&quot;classic&quot;}\">\n\t\t\t\t\t<div class=\"e-con-inner\">\n\t\t<div class=\"elementor-element elementor-element-c07f9d4 e-con-full e-flex e-con e-child\" data-id=\"c07f9d4\" data-element_type=\"container\" data-e-type=\"container\">\n\t\t<div class=\"elementor-element elementor-element-036bf93 e-con-full e-flex e-con e-child\" data-id=\"036bf93\" data-element_type=\"container\" data-e-type=\"container\">\n\t\t\t\t<div class=\"elementor-element elementor-element-bb822ce elementor-widget elementor-widget-heading\" data-id=\"bb822ce\" data-element_type=\"widget\" data-e-type=\"widget\" data-widget_type=\"heading.default\">\n\t\t\t\t\t<h2 class=\"elementor-heading-title elementor-size-default\">N\u00e3o sabe que produto escolher?<\/h2>\t\t\t\t<\/div>\n\t\t\t\t<div class=\"elementor-element elementor-element-40a08ad elementor-widget elementor-widget-heading\" data-id=\"40a08ad\" data-element_type=\"widget\" data-e-type=\"widget\" data-widget_type=\"heading.default\">\n\t\t\t\t\t<p class=\"elementor-heading-title elementor-size-default\">Contacte-nos e aconselhamo-lo sem compromisso<\/p>\t\t\t\t<\/div>\n\t\t\t\t<\/div>\n\t\t<div class=\"elementor-element elementor-element-6f24af4 e-con-full e-flex e-con e-child\" data-id=\"6f24af4\" data-element_type=\"container\" data-e-type=\"container\">\n\t\t\t\t<div class=\"elementor-element elementor-element-e43ec66 elementor-align-justify elementor-widget__width-inherit elementor-widget elementor-widget-button\" data-id=\"e43ec66\" data-element_type=\"widget\" data-e-type=\"widget\" data-widget_type=\"button.default\">\n\t\t\t\t\t\t\t\t\t\t<a class=\"elementor-button elementor-button-link elementor-size-sm\" href=\"https:\/\/wa.me\/34617879087\" target=\"_blank\" rel=\"nofollow noopener\">\n\t\t\t\t\t\t<span class=\"elementor-button-content-wrapper\">\n\t\t\t\t\t\t<span class=\"elementor-button-icon\">\n\t\t\t\t<svg aria-hidden=\"true\" class=\"e-font-icon-svg e-fab-whatsapp\" viewBox=\"0 0 448 512\" xmlns=\"http:\/\/www.w3.org\/2000\/svg\"><path d=\"M380.9 97.1C339 55.1 283.2 32 223.9 32c-122.4 0-222 99.6-222 222 0 39.1 10.2 77.3 29.6 111L0 480l117.7-30.9c32.4 17.7 68.9 27 106.1 27h.1c122.3 0 224.1-99.6 224.1-222 0-59.3-25.2-115-67.1-157zm-157 341.6c-33.2 0-65.7-8.9-94-25.7l-6.7-4-69.8 18.3L72 359.2l-4.4-7c-18.5-29.4-28.2-63.3-28.2-98.2 0-101.7 82.8-184.5 184.6-184.5 49.3 0 95.6 19.2 130.4 54.1 34.8 34.9 56.2 81.2 56.1 130.5 0 101.8-84.9 184.6-186.6 184.6zm101.2-138.2c-5.5-2.8-32.8-16.2-37.9-18-5.1-1.9-8.8-2.8-12.5 2.8-3.7 5.6-14.3 18-17.6 21.8-3.2 3.7-6.5 4.2-12 1.4-32.6-16.3-54-29.1-75.5-66-5.7-9.8 5.7-9.1 16.3-30.3 1.8-3.7.9-6.9-.5-9.7-1.4-2.8-12.5-30.1-17.1-41.2-4.5-10.8-9.1-9.3-12.5-9.5-3.2-.2-6.9-.2-10.6-.2-3.7 0-9.7 1.4-14.8 6.9-5.1 5.6-19.4 19-19.4 46.3 0 27.3 19.9 53.7 22.6 57.4 2.8 3.7 39.1 59.7 94.8 83.8 35.2 15.2 49 16.5 66.6 13.9 10.7-1.6 32.8-13.4 37.4-26.4 4.6-13 4.6-24.1 3.2-26.4-1.3-2.5-5-3.9-10.5-6.6z\"><\/path><\/svg>\t\t\t<\/span>\n\t\t\t\t\t\t\t\t\t<span class=\"elementor-button-text\">WhatsApp<\/span>\n\t\t\t\t\t<\/span>\n\t\t\t\t\t<\/a>\n\t\t\t\t\t\t\t\t<\/div>\n\t\t\t\t<div class=\"elementor-element elementor-element-72d0f79 elementor-align-justify elementor-widget__width-inherit elementor-widget elementor-widget-button\" data-id=\"72d0f79\" data-element_type=\"widget\" data-e-type=\"widget\" data-widget_type=\"button.default\">\n\t\t\t\t\t\t\t\t\t\t<a class=\"elementor-button elementor-button-link elementor-size-sm\" href=\"https:\/\/mail.google.com\/mail\/?view=cm&#038;fs=1&#038;to=info@blizzcool.es&#038;su=Solicitud%20de%20informaci%C3%B3n\" target=\"_blank\">\n\t\t\t\t\t\t<span class=\"elementor-button-content-wrapper\">\n\t\t\t\t\t\t<span class=\"elementor-button-icon\">\n\t\t\t\t<svg aria-hidden=\"true\" class=\"e-font-icon-svg e-far-envelope\" viewBox=\"0 0 512 512\" xmlns=\"http:\/\/www.w3.org\/2000\/svg\"><path d=\"M464 64H48C21.49 64 0 85.49 0 112v288c0 26.51 21.49 48 48 48h416c26.51 0 48-21.49 48-48V112c0-26.51-21.49-48-48-48zm0 48v40.805c-22.422 18.259-58.168 46.651-134.587 106.49-16.841 13.247-50.201 45.072-73.413 44.701-23.208.375-56.579-31.459-73.413-44.701C106.18 199.465 70.425 171.067 48 152.805V112h416zM48 400V214.398c22.914 18.251 55.409 43.862 104.938 82.646 21.857 17.205 60.134 55.186 103.062 54.955 42.717.231 80.509-37.199 103.053-54.947 49.528-38.783 82.032-64.401 104.947-82.653V400H48z\"><\/path><\/svg>\t\t\t<\/span>\n\t\t\t\t\t\t\t\t\t<span class=\"elementor-button-text\">E-mail<\/span>\n\t\t\t\t\t<\/span>\n\t\t\t\t\t<\/a>\n\t\t\t\t\t\t\t\t<\/div>\n\t\t\t\t<\/div>\n\t\t\t\t<\/div>\n\t\t\t\t\t<\/div>\n\t\t\t\t<\/div>\n\t\t\t\t<\/div>\n\t\t","protected":false},"excerpt":{"rendered":"<p>Desempenho comprovado em ambientes reais Equipamentos concebidos para oferecer o m\u00e1ximo conforto t\u00e9rmico e prote\u00e7\u00e3o em condi\u00e7\u00f5es exigentes. Solu\u00e7\u00f5es eficientes [&hellip;]<\/p>\n","protected":false},"author":1,"featured_media":0,"parent":4834,"menu_order":0,"comment_status":"closed","ping_status":"closed","template":"","meta":{"_acf_changed":false,"site-sidebar-layout":"no-sidebar","site-content-layout":"","ast-site-content-layout":"full-width-container","site-content-style":"default","site-sidebar-style":"default","ast-global-header-display":"","ast-banner-title-visibility":"","ast-main-header-display":"","ast-hfb-above-header-display":"","ast-hfb-below-header-display":"","ast-hfb-mobile-header-display":"","site-post-title":"disabled","ast-breadcrumbs-content":"","ast-featured-img":"disabled","footer-sml-layout":"","ast-disable-related-posts":"","theme-transparent-header-meta":"","adv-header-id-meta":"","stick-header-meta":"","header-above-stick-meta":"","header-main-stick-meta":"","header-below-stick-meta":"","astra-migrate-meta-layouts":"default","ast-page-background-enabled":"default","ast-page-background-meta":{"desktop":{"background-color":"var(--ast-global-color-5)","background-image":"","background-repeat":"repeat","background-position":"center center","background-size":"auto","background-attachment":"scroll","background-type":"","background-media":"","overlay-type":"","overlay-color":"","overlay-opacity":"","overlay-gradient":""},"tablet":{"background-color":"","background-image":"","background-repeat":"repeat","background-position":"center center","background-size":"auto","background-attachment":"scroll","background-type":"","background-media":"","overlay-type":"","overlay-color":"","overlay-opacity":"","overlay-gradient":""},"mobile":{"background-color":"","background-image":"","background-repeat":"repeat","background-position":"center center","background-size":"auto","background-attachment":"scroll","background-type":"","background-media":"","overlay-type":"","overlay-color":"","overlay-opacity":"","overlay-gradient":""}},"ast-content-background-meta":{"desktop":{"background-color":"var(--ast-global-color-4)","background-image":"","background-repeat":"repeat","background-position":"center center","background-size":"auto","background-attachment":"scroll","background-type":"","background-media":"","overlay-type":"","overlay-color":"","overlay-opacity":"","overlay-gradient":""},"tablet":{"background-color":"var(--ast-global-color-4)","background-image":"","background-repeat":"repeat","background-position":"center center","background-size":"auto","background-attachment":"scroll","background-type":"","background-media":"","overlay-type":"","overlay-color":"","overlay-opacity":"","overlay-gradient":""},"mobile":{"background-color":"var(--ast-global-color-4)","background-image":"","background-repeat":"repeat","background-position":"center center","background-size":"auto","background-attachment":"scroll","background-type":"","background-media":"","overlay-type":"","overlay-color":"","overlay-opacity":"","overlay-gradient":""}},"footnotes":""},"class_list":["post-4098","page","type-page","status-publish","hentry","desktop-align-left","tablet-align-left","mobile-align-left"],"acf":[],"_links":{"self":[{"href":"https:\/\/blizzcool.es\/pt-pt\/wp-json\/wp\/v2\/pages\/4098","targetHints":{"allow":["GET"]}}],"collection":[{"href":"https:\/\/blizzcool.es\/pt-pt\/wp-json\/wp\/v2\/pages"}],"about":[{"href":"https:\/\/blizzcool.es\/pt-pt\/wp-json\/wp\/v2\/types\/page"}],"author":[{"embeddable":true,"href":"https:\/\/blizzcool.es\/pt-pt\/wp-json\/wp\/v2\/users\/1"}],"replies":[{"embeddable":true,"href":"https:\/\/blizzcool.es\/pt-pt\/wp-json\/wp\/v2\/comments?post=4098"}],"version-history":[{"count":0,"href":"https:\/\/blizzcool.es\/pt-pt\/wp-json\/wp\/v2\/pages\/4098\/revisions"}],"up":[{"embeddable":true,"href":"https:\/\/blizzcool.es\/pt-pt\/wp-json\/wp\/v2\/pages\/4834"}],"wp:attachment":[{"href":"https:\/\/blizzcool.es\/pt-pt\/wp-json\/wp\/v2\/media?parent=4098"}],"curies":[{"name":"wp","href":"https:\/\/api.w.org\/{rel}","templated":true}]}}