{"id":4838,"date":"2026-03-04T10:51:18","date_gmt":"2026-03-04T10:51:18","guid":{"rendered":"https:\/\/blizzcool.es\/ventilateur-industriel\/plafond\/"},"modified":"2026-04-27T08:23:55","modified_gmt":"2026-04-27T08:23:55","slug":"plafond","status":"publish","type":"page","link":"https:\/\/blizzcool.es\/fr\/ventilateur-industriel\/plafond\/","title":{"rendered":"Plafond"},"content":{"rendered":"\t\t<div data-elementor-type=\"wp-page\" data-elementor-id=\"4838\" class=\"elementor elementor-4838 elementor-3335\" data-elementor-post-type=\"page\">\n\t\t\t\t<div class=\"elementor-element elementor-element-0352397 e-flex e-con-boxed e-con e-parent\" data-id=\"0352397\" data-element_type=\"container\" data-e-type=\"container\" data-settings=\"{&quot;background_background&quot;:&quot;classic&quot;}\">\n\t\t\t\t\t<div class=\"e-con-inner\">\n\t\t<div class=\"elementor-element elementor-element-b9d90bb e-con-full e-flex e-con e-child\" data-id=\"b9d90bb\" data-element_type=\"container\" data-e-type=\"container\">\n\t\t\t\t<div class=\"elementor-element elementor-element-8d117a3 elementor-widget__width-initial elementor-widget-tablet__width-inherit elementor-widget elementor-widget-heading\" data-id=\"8d117a3\" data-element_type=\"widget\" data-e-type=\"widget\" data-widget_type=\"heading.default\">\n\t\t\t\t\t<p class=\"elementor-heading-title elementor-size-default\">Performances \u00e9prouv\u00e9es en <span style=\"color: #68B551\">conditions r\u00e9elles<\/span> <\/p>\t\t\t\t<\/div>\n\t\t\t\t<div class=\"elementor-element elementor-element-cec2d5f elementor-widget-divider--view-line elementor-widget elementor-widget-divider\" data-id=\"cec2d5f\" data-element_type=\"widget\" data-e-type=\"widget\" data-widget_type=\"divider.default\">\n\t\t\t\t\t\t\t<div class=\"elementor-divider\">\n\t\t\t<span class=\"elementor-divider-separator\">\n\t\t\t\t\t\t<\/span>\n\t\t<\/div>\n\t\t\t\t\t\t<\/div>\n\t\t\t\t<div class=\"elementor-element elementor-element-7a572a9 elementor-widget__width-initial elementor-widget-tablet__width-inherit elementor-widget elementor-widget-text-editor\" data-id=\"7a572a9\" data-element_type=\"widget\" data-e-type=\"widget\" data-widget_type=\"text-editor.default\">\n\t\t\t\t\t\t\t\t\t<div class=\"elementor-element elementor-element-79f4896 elementor-widget elementor-widget-text-editor\" data-id=\"79f4896\" data-element_type=\"widget\" data-widget_type=\"text-editor.default\"><div class=\"elementor-widget-container\"><p>Des \u00e9quipements con\u00e7us pour offrir un confort thermique maximal et une protection optimale dans des conditions exigeantes. Des solutions efficaces qui optimisent la productivit\u00e9 et garantissent un environnement de travail s\u00fbr et frais. <\/p><\/div><\/div>\t\t\t\t\t\t\t\t<\/div>\n\t\t\t\t<\/div>\n\t\t\t\t\t<\/div>\n\t\t\t\t<\/div>\n\t\t<div class=\"elementor-element elementor-element-b2a3c24 e-flex e-con-boxed e-con e-parent\" data-id=\"b2a3c24\" data-element_type=\"container\" data-e-type=\"container\">\n\t\t\t\t\t<div class=\"e-con-inner\">\n\t\t\t\t<div class=\"elementor-element elementor-element-a569d47 elementor-widget elementor-widget-breadcrumbs\" data-id=\"a569d47\" data-element_type=\"widget\" data-e-type=\"widget\" data-widget_type=\"breadcrumbs.default\">\n\t\t\t\t<div class=\"elementor-widget-container\">\n\t\t\t\t\t<nav aria-label=\"breadcrumbs\" class=\"rank-math-breadcrumb\"><p><span class=\"last\">Portada<\/span><\/p><\/nav>\t\t\t\t<\/div>\n\t\t\t\t<\/div>\n\t\t\t\t<div class=\"elementor-element elementor-element-5da9c89 elementor-widget__width-initial elementor-widget-tablet__width-inherit elementor-widget elementor-widget-heading\" data-id=\"5da9c89\" data-element_type=\"widget\" data-e-type=\"widget\" data-widget_type=\"heading.default\">\n\t\t\t\t\t<h1 class=\"elementor-heading-title elementor-size-default\">Ventilateur de plafond industriel<\/h1>\t\t\t\t<\/div>\n\t\t\t\t<div class=\"woocommerce elementor-element elementor-element-d0daea1 elementor-grid-4 elementor-grid-mobile-1 elementor-grid-tablet-2 elementor-widget elementor-widget-loop-grid\" data-id=\"d0daea1\" data-element_type=\"widget\" data-e-type=\"widget\" data-settings=\"{&quot;_skin&quot;:&quot;product&quot;,&quot;template_id&quot;:4142,&quot;columns&quot;:4,&quot;columns_mobile&quot;:1,&quot;row_gap&quot;:{&quot;unit&quot;:&quot;px&quot;,&quot;size&quot;:20,&quot;sizes&quot;:[]},&quot;pagination_type&quot;:&quot;numbers&quot;,&quot;pagination_load_type&quot;:&quot;ajax&quot;,&quot;auto_scroll&quot;:&quot;yes&quot;,&quot;columns_tablet&quot;:&quot;2&quot;,&quot;edit_handle_selector&quot;:&quot;[data-elementor-type=\\&quot;loop-item\\&quot;]&quot;,&quot;row_gap_tablet&quot;:{&quot;unit&quot;:&quot;px&quot;,&quot;size&quot;:&quot;&quot;,&quot;sizes&quot;:[]},&quot;row_gap_mobile&quot;:{&quot;unit&quot;:&quot;px&quot;,&quot;size&quot;:&quot;&quot;,&quot;sizes&quot;:[]}}\" data-widget_type=\"loop-grid.product\">\n\t\t\t\t<div class=\"elementor-widget-container\">\n\t\t\t\t\t\t\t<div class=\"elementor-loop-container elementor-grid\" role=\"list\">\n\t\t<style id=\"loop-4142\">.elementor-4142 .elementor-element.elementor-element-34c414c{--display:flex;--flex-direction:column;--container-widget-width:100%;--container-widget-height:initial;--container-widget-flex-grow:0;--container-widget-align-self:initial;--flex-wrap-mobile:wrap;--justify-content:space-between;border-style:none;--border-style:none;--padding-top:0px;--padding-bottom:0px;--padding-left:0px;--padding-right:0px;}.elementor-4142 .elementor-element.elementor-element-9ef447e{--display:flex;--min-height:300px;--justify-content:center;--align-items:center;--container-widget-width:calc( ( 1 - var( --container-widget-flex-grow ) ) * 100% );border-style:none;--border-style:none;--padding-top:0px;--padding-bottom:0px;--padding-left:0px;--padding-right:0px;}.elementor-4142 .elementor-element.elementor-element-9ef447e:not(.elementor-motion-effects-element-type-background), .elementor-4142 .elementor-element.elementor-element-9ef447e > .elementor-motion-effects-container > .elementor-motion-effects-layer{background-color:#FFFFFF;}.elementor-widget-image .widget-image-caption{color:var( --e-global-color-text );font-family:var( --e-global-typography-text-font-family ), Sans-serif;font-weight:var( --e-global-typography-text-font-weight );}.elementor-4142 .elementor-element.elementor-element-7a40599 img{border-style:none;}.elementor-4142 .elementor-element.elementor-element-46969fc{--display:flex;--padding-top:20px;--padding-bottom:20px;--padding-left:20px;--padding-right:20px;}.elementor-widget-heading .elementor-heading-title{font-family:var( --e-global-typography-primary-font-family ), Sans-serif;font-weight:var( --e-global-typography-primary-font-weight );color:var( --e-global-color-primary );}.elementor-4142 .elementor-element.elementor-element-4d257b1{text-align:center;}.elementor-4142 .elementor-element.elementor-element-4d257b1 .elementor-heading-title{font-family:\"Poppins\", Sans-serif;font-size:16px;font-weight:600;text-transform:uppercase;}.elementor-4142 .elementor-element.elementor-element-4d257b1 .elementor-heading-title a:hover, .elementor-4142 .elementor-element.elementor-element-4d257b1 .elementor-heading-title a:focus{color:var( --e-global-color-accent );}.elementor-4142 .elementor-element.elementor-element-6846204{text-align:center;}.elementor-4142 .elementor-element.elementor-element-6846204 .elementor-heading-title{font-family:\"Poppins\", Sans-serif;font-size:20px;font-weight:400;text-transform:uppercase;color:var( --e-global-color-primary );}.elementor-4142 .elementor-element.elementor-element-6846204.elementor-element{--align-self:center;}.elementor-widget-woocommerce-product-add-to-cart .added_to_cart{font-family:var( --e-global-typography-accent-font-family ), Sans-serif;font-weight:var( --e-global-typography-accent-font-weight );}.elementor-4142 .elementor-element.elementor-element-3b68d6b .cart button, .elementor-4142 .elementor-element.elementor-element-3b68d6b .cart .button{font-family:\"Poppins\", Sans-serif;font-size:14px;font-weight:500;text-transform:uppercase;letter-spacing:2px;border-radius:5px 5px 5px 5px;color:var( --e-global-color-text );background-color:var( --e-global-color-accent );border-color:#02010100;transition:all 0.3s;}.elementor-4142 .elementor-element.elementor-element-3b68d6b .cart button:hover, .elementor-4142 .elementor-element.elementor-element-3b68d6b .cart .button:hover{color:var( --e-global-color-text );background-color:var( --e-global-color-secondary );}@media(max-width:767px){.elementor-4142 .elementor-element.elementor-element-9ef447e{--min-height:250px;}}<\/style>\t\t<div data-elementor-type=\"loop-item\" data-elementor-id=\"4142\" class=\"elementor elementor-4142 elementor-507 elementor-507 e-loop-item e-loop-item-5152 post-5152 product type-product status-publish has-post-thumbnail product_cat-ventilateur-industriel product_cat-plafond desktop-align-left tablet-align-left mobile-align-left first instock taxable shipping-taxable purchasable product-type-simple\" data-elementor-post-type=\"elementor_library\" data-custom-edit-handle=\"1\">\n\t\t\t<div class=\"elementor-element elementor-element-34c414c e-con-full e-flex e-con e-parent\" data-id=\"34c414c\" data-element_type=\"container\" data-e-type=\"container\">\n\t\t<div class=\"elementor-element elementor-element-9ef447e e-con-full e-flex e-con e-child\" data-id=\"9ef447e\" data-element_type=\"container\" data-e-type=\"container\" data-settings=\"{&quot;background_background&quot;:&quot;classic&quot;}\">\n\t\t\t\t<div class=\"elementor-element elementor-element-7a40599 elementor-widget elementor-widget-image\" data-id=\"7a40599\" data-element_type=\"widget\" data-e-type=\"widget\" data-widget_type=\"image.default\">\n\t\t\t\t\t\t\t\t\t\t\t\t\t\t\t\t<a href=\"https:\/\/blizzcool.es\/fr\/ventilateur-industriel\/ventilateur-de-plafond-bizzcool-bw-fam240-o2400-mm\/\">\n\t\t\t\t\t\t\t<img loading=\"lazy\" decoding=\"async\" width=\"1024\" height=\"1024\" src=\"https:\/\/blizzcool.es\/wp-content\/uploads\/2025\/12\/Ventilador-de-Techo-BUENA-WEB-1024x1024.avif\" class=\"attachment-large size-large wp-image-4681\" alt=\"Ventilateur de plafond Blizzcool\" srcset=\"https:\/\/blizzcool.es\/wp-content\/uploads\/2025\/12\/Ventilador-de-Techo-BUENA-WEB-1024x1024.avif 1024w, https:\/\/blizzcool.es\/wp-content\/uploads\/2025\/12\/Ventilador-de-Techo-BUENA-WEB-300x300.avif 300w, https:\/\/blizzcool.es\/wp-content\/uploads\/2025\/12\/Ventilador-de-Techo-BUENA-WEB-150x150.avif 150w, https:\/\/blizzcool.es\/wp-content\/uploads\/2025\/12\/Ventilador-de-Techo-BUENA-WEB-768x768.avif 768w, https:\/\/blizzcool.es\/wp-content\/uploads\/2025\/12\/Ventilador-de-Techo-BUENA-WEB-1536x1536.avif 1536w, https:\/\/blizzcool.es\/wp-content\/uploads\/2025\/12\/Ventilador-de-Techo-BUENA-WEB-600x600.avif 600w, https:\/\/blizzcool.es\/wp-content\/uploads\/2025\/12\/Ventilador-de-Techo-BUENA-WEB-100x100.avif 100w, https:\/\/blizzcool.es\/wp-content\/uploads\/2025\/12\/Ventilador-de-Techo-BUENA-WEB-64x64.avif 64w, https:\/\/blizzcool.es\/wp-content\/uploads\/2025\/12\/Ventilador-de-Techo-BUENA-WEB.avif 2000w\" sizes=\"auto, (max-width: 1024px) 100vw, 1024px\" \/>\t\t\t\t\t\t\t\t<\/a>\n\t\t\t\t\t\t\t\t\t\t\t\t\t\t\t<\/div>\n\t\t\t\t<\/div>\n\t\t<div class=\"elementor-element elementor-element-46969fc e-con-full e-flex e-con e-child\" data-id=\"46969fc\" data-element_type=\"container\" data-e-type=\"container\">\n\t\t\t\t<div class=\"elementor-element elementor-element-4d257b1 elementor-widget elementor-widget-heading\" data-id=\"4d257b1\" data-element_type=\"widget\" data-e-type=\"widget\" data-widget_type=\"heading.default\">\n\t\t\t\t\t<h2 class=\"elementor-heading-title elementor-size-default\"><a href=\"https:\/\/blizzcool.es\/fr\/ventilateur-industriel\/ventilateur-de-plafond-bizzcool-bw-fam240-o2400-mm\/\">Ventilateur de plafond Bizzcool BW FAM240 \u00d82400 mm<\/a><\/h2>\t\t\t\t<\/div>\n\t\t\t\t<div class=\"elementor-element elementor-element-6846204 elementor-widget elementor-widget-heading\" data-id=\"6846204\" data-element_type=\"widget\" data-e-type=\"widget\" data-widget_type=\"heading.default\">\n\t\t\t\t\t<div class=\"elementor-heading-title elementor-size-default\"><span class=\"woocommerce-Price-amount amount\">1.318,90&nbsp;<span class=\"woocommerce-Price-currencySymbol\">&euro;<\/span><\/span> <span class=\"iva-productos\" style=\"font-size:0.8em;color:#27ae60;font-weight:600\"> (IVA incl.)<\/span><\/div>\t\t\t\t<\/div>\n\t\t\t\t<div class=\"elementor-element elementor-element-3b68d6b elementor-add-to-cart--align-center elementor-widget elementor-widget-woocommerce-product-add-to-cart\" data-id=\"3b68d6b\" data-element_type=\"widget\" data-e-type=\"widget\" data-widget_type=\"woocommerce-product-add-to-cart.default\">\n\t\t\t\t\t\n\t\t<div class=\"elementor-add-to-cart elementor-product-simple\">\n\t\t\t\t\t<div class=\"e-loop-add-to-cart-form-container\">\n\t\t\t<form class=\"cart e-loop-add-to-cart-form\">\n\t\t\t\t<a href=\"\/fr\/wp-json\/wp\/v2\/pages\/4838?add-to-cart=5152\" aria-describedby=\"woocommerce_loop_add_to_cart_link_describedby_5152\" data-quantity=\"1\" class=\"button product_type_simple add_to_cart_button ajax_add_to_cart\" data-product_id=\"5152\" data-product_sku=\"1021001\" aria-label=\"Ajouter au panier\u00a0: &ldquo;Ventilateur de plafond Bizzcool BW FAM240 \u00d82400 mm&rdquo;\" rel=\"nofollow\" data-success_message=\"\u00ab\u00a0Ventilateur de plafond Bizzcool BW FAM240 \u00d82400 mm\u00a0\u00bb a \u00e9t\u00e9 ajout\u00e9 \u00e0 votre panier\" role=\"button\">Ajouter au panier<\/a>\t<span id=\"woocommerce_loop_add_to_cart_link_describedby_5152\" class=\"screen-reader-text\">\n\t\t\t<\/span>\n\t\t\t<\/form>\n\t\t<\/div>\n\t\t\t\t<\/div>\n\n\t\t\t\t\t\t<\/div>\n\t\t\t\t<\/div>\n\t\t\t\t<\/div>\n\t\t\t\t<\/div>\n\t\t\t\t<div data-elementor-type=\"loop-item\" data-elementor-id=\"4142\" class=\"elementor elementor-4142 elementor-507 elementor-507 e-loop-item e-loop-item-4057 post-4057 product type-product status-publish has-post-thumbnail product_cat-plafond product_cat-ventilateur-industriel desktop-align-left tablet-align-left mobile-align-left  instock taxable shipping-taxable purchasable product-type-simple\" data-elementor-post-type=\"elementor_library\" data-custom-edit-handle=\"1\">\n\t\t\t<div class=\"elementor-element elementor-element-34c414c e-con-full e-flex e-con e-parent\" data-id=\"34c414c\" data-element_type=\"container\" data-e-type=\"container\">\n\t\t<div class=\"elementor-element elementor-element-9ef447e e-con-full e-flex e-con e-child\" data-id=\"9ef447e\" data-element_type=\"container\" data-e-type=\"container\" data-settings=\"{&quot;background_background&quot;:&quot;classic&quot;}\">\n\t\t\t\t<div class=\"elementor-element elementor-element-7a40599 elementor-widget elementor-widget-image\" data-id=\"7a40599\" data-element_type=\"widget\" data-e-type=\"widget\" data-widget_type=\"image.default\">\n\t\t\t\t\t\t\t\t\t\t\t\t\t\t\t\t<a href=\"https:\/\/blizzcool.es\/fr\/plafond\/ventilateur-de-plafond-industriel-bizzcool-bwp-fam500-o5000-mm\/\">\n\t\t\t\t\t\t\t<img loading=\"lazy\" decoding=\"async\" width=\"1024\" height=\"1024\" src=\"https:\/\/blizzcool.es\/wp-content\/uploads\/2025\/12\/Ventiladores-de-techo-GRANDES-1-1024x1024.avif\" class=\"attachment-large size-large wp-image-4059\" alt=\"Ventilateur de plafond industriel Bizzcool BWP FAM430\" srcset=\"https:\/\/blizzcool.es\/wp-content\/uploads\/2025\/12\/Ventiladores-de-techo-GRANDES-1-1024x1024.avif 1024w, https:\/\/blizzcool.es\/wp-content\/uploads\/2025\/12\/Ventiladores-de-techo-GRANDES-1-300x300.avif 300w, https:\/\/blizzcool.es\/wp-content\/uploads\/2025\/12\/Ventiladores-de-techo-GRANDES-1-150x150.avif 150w, https:\/\/blizzcool.es\/wp-content\/uploads\/2025\/12\/Ventiladores-de-techo-GRANDES-1-768x768.avif 768w, https:\/\/blizzcool.es\/wp-content\/uploads\/2025\/12\/Ventiladores-de-techo-GRANDES-1-600x600.avif 600w, https:\/\/blizzcool.es\/wp-content\/uploads\/2025\/12\/Ventiladores-de-techo-GRANDES-1-100x100.avif 100w, https:\/\/blizzcool.es\/wp-content\/uploads\/2025\/12\/Ventiladores-de-techo-GRANDES-1-64x64.avif 64w, https:\/\/blizzcool.es\/wp-content\/uploads\/2025\/12\/Ventiladores-de-techo-GRANDES-1.avif 1200w\" sizes=\"auto, (max-width: 1024px) 100vw, 1024px\" \/>\t\t\t\t\t\t\t\t<\/a>\n\t\t\t\t\t\t\t\t\t\t\t\t\t\t\t<\/div>\n\t\t\t\t<\/div>\n\t\t<div class=\"elementor-element elementor-element-46969fc e-con-full e-flex e-con e-child\" data-id=\"46969fc\" data-element_type=\"container\" data-e-type=\"container\">\n\t\t\t\t<div class=\"elementor-element elementor-element-4d257b1 elementor-widget elementor-widget-heading\" data-id=\"4d257b1\" data-element_type=\"widget\" data-e-type=\"widget\" data-widget_type=\"heading.default\">\n\t\t\t\t\t<h2 class=\"elementor-heading-title elementor-size-default\"><a href=\"https:\/\/blizzcool.es\/fr\/plafond\/ventilateur-de-plafond-industriel-bizzcool-bwp-fam500-o5000-mm\/\">Ventilateur de plafond industriel Bizzcool BWP FAM500 \u00d85000 mm<\/a><\/h2>\t\t\t\t<\/div>\n\t\t\t\t<div class=\"elementor-element elementor-element-6846204 elementor-widget elementor-widget-heading\" data-id=\"6846204\" data-element_type=\"widget\" data-e-type=\"widget\" data-widget_type=\"heading.default\">\n\t\t\t\t\t<div class=\"elementor-heading-title elementor-size-default\"><span class=\"woocommerce-Price-amount amount\">1.210,00&nbsp;<span class=\"woocommerce-Price-currencySymbol\">&euro;<\/span><\/span> <span class=\"iva-productos\" style=\"font-size:0.8em;color:#27ae60;font-weight:600\"> (IVA incl.)<\/span><\/div>\t\t\t\t<\/div>\n\t\t\t\t<div class=\"elementor-element elementor-element-3b68d6b elementor-add-to-cart--align-center elementor-widget elementor-widget-woocommerce-product-add-to-cart\" data-id=\"3b68d6b\" data-element_type=\"widget\" data-e-type=\"widget\" data-widget_type=\"woocommerce-product-add-to-cart.default\">\n\t\t\t\t\t\n\t\t<div class=\"elementor-add-to-cart elementor-product-simple\">\n\t\t\t\t\t<div class=\"e-loop-add-to-cart-form-container\">\n\t\t\t<form class=\"cart e-loop-add-to-cart-form\">\n\t\t\t\t<a href=\"\/fr\/wp-json\/wp\/v2\/pages\/4838?add-to-cart=4057\" aria-describedby=\"woocommerce_loop_add_to_cart_link_describedby_4057\" data-quantity=\"1\" class=\"button product_type_simple add_to_cart_button ajax_add_to_cart\" data-product_id=\"4057\" data-product_sku=\"1021005\" aria-label=\"Ajouter au panier\u00a0: &ldquo;Ventilateur de plafond industriel Bizzcool BWP FAM500 \u00d85000 mm&rdquo;\" rel=\"nofollow\" data-success_message=\"\u00ab\u00a0Ventilateur de plafond industriel Bizzcool BWP FAM500 \u00d85000 mm\u00a0\u00bb a \u00e9t\u00e9 ajout\u00e9 \u00e0 votre panier\" role=\"button\">Ajouter au panier<\/a>\t<span id=\"woocommerce_loop_add_to_cart_link_describedby_4057\" class=\"screen-reader-text\">\n\t\t\t<\/span>\n\t\t\t<\/form>\n\t\t<\/div>\n\t\t\t\t<\/div>\n\n\t\t\t\t\t\t<\/div>\n\t\t\t\t<\/div>\n\t\t\t\t<\/div>\n\t\t\t\t<\/div>\n\t\t\t\t<div data-elementor-type=\"loop-item\" data-elementor-id=\"4142\" class=\"elementor elementor-4142 elementor-507 elementor-507 e-loop-item e-loop-item-4066 post-4066 product type-product status-publish has-post-thumbnail product_cat-plafond product_cat-ventilateur-industriel desktop-align-left tablet-align-left mobile-align-left  instock taxable shipping-taxable purchasable product-type-simple\" data-elementor-post-type=\"elementor_library\" data-custom-edit-handle=\"1\">\n\t\t\t<div class=\"elementor-element elementor-element-34c414c e-con-full e-flex e-con e-parent\" data-id=\"34c414c\" data-element_type=\"container\" data-e-type=\"container\">\n\t\t<div class=\"elementor-element elementor-element-9ef447e e-con-full e-flex e-con e-child\" data-id=\"9ef447e\" data-element_type=\"container\" data-e-type=\"container\" data-settings=\"{&quot;background_background&quot;:&quot;classic&quot;}\">\n\t\t\t\t<div class=\"elementor-element elementor-element-7a40599 elementor-widget elementor-widget-image\" data-id=\"7a40599\" data-element_type=\"widget\" data-e-type=\"widget\" data-widget_type=\"image.default\">\n\t\t\t\t\t\t\t\t\t\t\t\t\t\t\t\t<a href=\"https:\/\/blizzcool.es\/fr\/plafond\/ventilateur-de-plafond-industriel-bizzcool-bwp-fam610-o-6-100-mm\/\">\n\t\t\t\t\t\t\t<img loading=\"lazy\" decoding=\"async\" width=\"1024\" height=\"1024\" src=\"https:\/\/blizzcool.es\/wp-content\/uploads\/2025\/12\/Ventiladores-de-techo-GRANDES-1-1024x1024.avif\" class=\"attachment-large size-large wp-image-4059\" alt=\"Ventilateur de plafond industriel Bizzcool BWP FAM430\" srcset=\"https:\/\/blizzcool.es\/wp-content\/uploads\/2025\/12\/Ventiladores-de-techo-GRANDES-1-1024x1024.avif 1024w, https:\/\/blizzcool.es\/wp-content\/uploads\/2025\/12\/Ventiladores-de-techo-GRANDES-1-300x300.avif 300w, https:\/\/blizzcool.es\/wp-content\/uploads\/2025\/12\/Ventiladores-de-techo-GRANDES-1-150x150.avif 150w, https:\/\/blizzcool.es\/wp-content\/uploads\/2025\/12\/Ventiladores-de-techo-GRANDES-1-768x768.avif 768w, https:\/\/blizzcool.es\/wp-content\/uploads\/2025\/12\/Ventiladores-de-techo-GRANDES-1-600x600.avif 600w, https:\/\/blizzcool.es\/wp-content\/uploads\/2025\/12\/Ventiladores-de-techo-GRANDES-1-100x100.avif 100w, https:\/\/blizzcool.es\/wp-content\/uploads\/2025\/12\/Ventiladores-de-techo-GRANDES-1-64x64.avif 64w, https:\/\/blizzcool.es\/wp-content\/uploads\/2025\/12\/Ventiladores-de-techo-GRANDES-1.avif 1200w\" sizes=\"auto, (max-width: 1024px) 100vw, 1024px\" \/>\t\t\t\t\t\t\t\t<\/a>\n\t\t\t\t\t\t\t\t\t\t\t\t\t\t\t<\/div>\n\t\t\t\t<\/div>\n\t\t<div class=\"elementor-element elementor-element-46969fc e-con-full e-flex e-con e-child\" data-id=\"46969fc\" data-element_type=\"container\" data-e-type=\"container\">\n\t\t\t\t<div class=\"elementor-element elementor-element-4d257b1 elementor-widget elementor-widget-heading\" data-id=\"4d257b1\" data-element_type=\"widget\" data-e-type=\"widget\" data-widget_type=\"heading.default\">\n\t\t\t\t\t<h2 class=\"elementor-heading-title elementor-size-default\"><a href=\"https:\/\/blizzcool.es\/fr\/plafond\/ventilateur-de-plafond-industriel-bizzcool-bwp-fam610-o-6-100-mm\/\">Ventilateur de plafond industriel Bizzcool BWP FAM610 \u00d8 6 100 mm<\/a><\/h2>\t\t\t\t<\/div>\n\t\t\t\t<div class=\"elementor-element elementor-element-6846204 elementor-widget elementor-widget-heading\" data-id=\"6846204\" data-element_type=\"widget\" data-e-type=\"widget\" data-widget_type=\"heading.default\">\n\t\t\t\t\t<div class=\"elementor-heading-title elementor-size-default\"><span class=\"woocommerce-Price-amount amount\">1.210,00&nbsp;<span class=\"woocommerce-Price-currencySymbol\">&euro;<\/span><\/span> <span class=\"iva-productos\" style=\"font-size:0.8em;color:#27ae60;font-weight:600\"> (IVA incl.)<\/span><\/div>\t\t\t\t<\/div>\n\t\t\t\t<div class=\"elementor-element elementor-element-3b68d6b elementor-add-to-cart--align-center elementor-widget elementor-widget-woocommerce-product-add-to-cart\" data-id=\"3b68d6b\" data-element_type=\"widget\" data-e-type=\"widget\" data-widget_type=\"woocommerce-product-add-to-cart.default\">\n\t\t\t\t\t\n\t\t<div class=\"elementor-add-to-cart elementor-product-simple\">\n\t\t\t\t\t<div class=\"e-loop-add-to-cart-form-container\">\n\t\t\t<form class=\"cart e-loop-add-to-cart-form\">\n\t\t\t\t<a href=\"\/fr\/wp-json\/wp\/v2\/pages\/4838?add-to-cart=4066\" aria-describedby=\"woocommerce_loop_add_to_cart_link_describedby_4066\" data-quantity=\"1\" class=\"button product_type_simple add_to_cart_button ajax_add_to_cart\" data-product_id=\"4066\" data-product_sku=\"1021006\" aria-label=\"Ajouter au panier\u00a0: &ldquo;Ventilateur de plafond industriel Bizzcool BWP FAM610 \u00d8 6 100 mm&rdquo;\" rel=\"nofollow\" data-success_message=\"\u00ab\u00a0Ventilateur de plafond industriel Bizzcool BWP FAM610 \u00d8 6 100 mm\u00a0\u00bb a \u00e9t\u00e9 ajout\u00e9 \u00e0 votre panier\" role=\"button\">Ajouter au panier<\/a>\t<span id=\"woocommerce_loop_add_to_cart_link_describedby_4066\" class=\"screen-reader-text\">\n\t\t\t<\/span>\n\t\t\t<\/form>\n\t\t<\/div>\n\t\t\t\t<\/div>\n\n\t\t\t\t\t\t<\/div>\n\t\t\t\t<\/div>\n\t\t\t\t<\/div>\n\t\t\t\t<\/div>\n\t\t\t\t<div data-elementor-type=\"loop-item\" data-elementor-id=\"4142\" class=\"elementor elementor-4142 elementor-507 elementor-507 e-loop-item e-loop-item-4679 post-4679 product type-product status-publish has-post-thumbnail product_cat-plafond product_cat-ventilateur-industriel desktop-align-left tablet-align-left mobile-align-left last instock taxable shipping-taxable purchasable product-type-simple\" data-elementor-post-type=\"elementor_library\" data-custom-edit-handle=\"1\">\n\t\t\t<div class=\"elementor-element elementor-element-34c414c e-con-full e-flex e-con e-parent\" data-id=\"34c414c\" data-element_type=\"container\" data-e-type=\"container\">\n\t\t<div class=\"elementor-element elementor-element-9ef447e e-con-full e-flex e-con e-child\" data-id=\"9ef447e\" data-element_type=\"container\" data-e-type=\"container\" data-settings=\"{&quot;background_background&quot;:&quot;classic&quot;}\">\n\t\t\t\t<div class=\"elementor-element elementor-element-7a40599 elementor-widget elementor-widget-image\" data-id=\"7a40599\" data-element_type=\"widget\" data-e-type=\"widget\" data-widget_type=\"image.default\">\n\t\t\t\t\t\t\t\t\t\t\t\t\t\t\t\t<a href=\"https:\/\/blizzcool.es\/fr\/plafond\/ventilateur-de-plafond-industriel-bizzcool-bw-fam370-o-3-700-mm\/\">\n\t\t\t\t\t\t\t<img loading=\"lazy\" decoding=\"async\" width=\"1024\" height=\"1024\" src=\"https:\/\/blizzcool.es\/wp-content\/uploads\/2025\/12\/Ventilador-de-Techo-BUENA-WEB-1024x1024.avif\" class=\"attachment-large size-large wp-image-4681\" alt=\"Ventilateur de plafond Blizzcool\" srcset=\"https:\/\/blizzcool.es\/wp-content\/uploads\/2025\/12\/Ventilador-de-Techo-BUENA-WEB-1024x1024.avif 1024w, https:\/\/blizzcool.es\/wp-content\/uploads\/2025\/12\/Ventilador-de-Techo-BUENA-WEB-300x300.avif 300w, https:\/\/blizzcool.es\/wp-content\/uploads\/2025\/12\/Ventilador-de-Techo-BUENA-WEB-150x150.avif 150w, https:\/\/blizzcool.es\/wp-content\/uploads\/2025\/12\/Ventilador-de-Techo-BUENA-WEB-768x768.avif 768w, https:\/\/blizzcool.es\/wp-content\/uploads\/2025\/12\/Ventilador-de-Techo-BUENA-WEB-1536x1536.avif 1536w, https:\/\/blizzcool.es\/wp-content\/uploads\/2025\/12\/Ventilador-de-Techo-BUENA-WEB-600x600.avif 600w, https:\/\/blizzcool.es\/wp-content\/uploads\/2025\/12\/Ventilador-de-Techo-BUENA-WEB-100x100.avif 100w, https:\/\/blizzcool.es\/wp-content\/uploads\/2025\/12\/Ventilador-de-Techo-BUENA-WEB-64x64.avif 64w, https:\/\/blizzcool.es\/wp-content\/uploads\/2025\/12\/Ventilador-de-Techo-BUENA-WEB.avif 2000w\" sizes=\"auto, (max-width: 1024px) 100vw, 1024px\" \/>\t\t\t\t\t\t\t\t<\/a>\n\t\t\t\t\t\t\t\t\t\t\t\t\t\t\t<\/div>\n\t\t\t\t<\/div>\n\t\t<div class=\"elementor-element elementor-element-46969fc e-con-full e-flex e-con e-child\" data-id=\"46969fc\" data-element_type=\"container\" data-e-type=\"container\">\n\t\t\t\t<div class=\"elementor-element elementor-element-4d257b1 elementor-widget elementor-widget-heading\" data-id=\"4d257b1\" data-element_type=\"widget\" data-e-type=\"widget\" data-widget_type=\"heading.default\">\n\t\t\t\t\t<h2 class=\"elementor-heading-title elementor-size-default\"><a href=\"https:\/\/blizzcool.es\/fr\/plafond\/ventilateur-de-plafond-industriel-bizzcool-bw-fam370-o-3-700-mm\/\">Ventilateur de plafond industriel Bizzcool BW FAM370 \u00d8 3 700 mm<\/a><\/h2>\t\t\t\t<\/div>\n\t\t\t\t<div class=\"elementor-element elementor-element-6846204 elementor-widget elementor-widget-heading\" data-id=\"6846204\" data-element_type=\"widget\" data-e-type=\"widget\" data-widget_type=\"heading.default\">\n\t\t\t\t\t<div class=\"elementor-heading-title elementor-size-default\"><span class=\"woocommerce-Price-amount amount\">1.439,90&nbsp;<span class=\"woocommerce-Price-currencySymbol\">&euro;<\/span><\/span> <span class=\"iva-productos\" style=\"font-size:0.8em;color:#27ae60;font-weight:600\"> (IVA incl.)<\/span><\/div>\t\t\t\t<\/div>\n\t\t\t\t<div class=\"elementor-element elementor-element-3b68d6b elementor-add-to-cart--align-center elementor-widget elementor-widget-woocommerce-product-add-to-cart\" data-id=\"3b68d6b\" data-element_type=\"widget\" data-e-type=\"widget\" data-widget_type=\"woocommerce-product-add-to-cart.default\">\n\t\t\t\t\t\n\t\t<div class=\"elementor-add-to-cart elementor-product-simple\">\n\t\t\t\t\t<div class=\"e-loop-add-to-cart-form-container\">\n\t\t\t<form class=\"cart e-loop-add-to-cart-form\">\n\t\t\t\t<a href=\"\/fr\/wp-json\/wp\/v2\/pages\/4838?add-to-cart=4679\" aria-describedby=\"woocommerce_loop_add_to_cart_link_describedby_4679\" data-quantity=\"1\" class=\"button product_type_simple add_to_cart_button ajax_add_to_cart\" data-product_id=\"4679\" data-product_sku=\"1021003\" aria-label=\"Ajouter au panier\u00a0: &ldquo;Ventilateur de plafond industriel Bizzcool BW FAM370 \u00d8 3 700 mm&rdquo;\" rel=\"nofollow\" data-success_message=\"\u00ab\u00a0Ventilateur de plafond industriel Bizzcool BW FAM370 \u00d8 3 700 mm\u00a0\u00bb a \u00e9t\u00e9 ajout\u00e9 \u00e0 votre panier\" role=\"button\">Ajouter au panier<\/a>\t<span id=\"woocommerce_loop_add_to_cart_link_describedby_4679\" class=\"screen-reader-text\">\n\t\t\t<\/span>\n\t\t\t<\/form>\n\t\t<\/div>\n\t\t\t\t<\/div>\n\n\t\t\t\t\t\t<\/div>\n\t\t\t\t<\/div>\n\t\t\t\t<\/div>\n\t\t\t\t<\/div>\n\t\t\t\t<div data-elementor-type=\"loop-item\" data-elementor-id=\"4142\" class=\"elementor elementor-4142 elementor-507 elementor-507 e-loop-item e-loop-item-4697 post-4697 product type-product status-publish has-post-thumbnail product_cat-plafond product_cat-ventilateur-industriel desktop-align-left tablet-align-left mobile-align-left first instock taxable shipping-taxable purchasable product-type-simple\" data-elementor-post-type=\"elementor_library\" data-custom-edit-handle=\"1\">\n\t\t\t<div class=\"elementor-element elementor-element-34c414c e-con-full e-flex e-con e-parent\" data-id=\"34c414c\" data-element_type=\"container\" data-e-type=\"container\">\n\t\t<div class=\"elementor-element elementor-element-9ef447e e-con-full e-flex e-con e-child\" data-id=\"9ef447e\" data-element_type=\"container\" data-e-type=\"container\" data-settings=\"{&quot;background_background&quot;:&quot;classic&quot;}\">\n\t\t\t\t<div class=\"elementor-element elementor-element-7a40599 elementor-widget elementor-widget-image\" data-id=\"7a40599\" data-element_type=\"widget\" data-e-type=\"widget\" data-widget_type=\"image.default\">\n\t\t\t\t\t\t\t\t\t\t\t\t\t\t\t\t<a href=\"https:\/\/blizzcool.es\/fr\/plafond\/ventilateur-de-plafond-industriel-bizzcool-bw-fam300-o3-000-mm\/\">\n\t\t\t\t\t\t\t<img loading=\"lazy\" decoding=\"async\" width=\"1024\" height=\"1024\" src=\"https:\/\/blizzcool.es\/wp-content\/uploads\/2025\/12\/Ventilador-de-Techo-BUENA-WEB-1024x1024.avif\" class=\"attachment-large size-large wp-image-4681\" alt=\"Ventilateur de plafond Blizzcool\" srcset=\"https:\/\/blizzcool.es\/wp-content\/uploads\/2025\/12\/Ventilador-de-Techo-BUENA-WEB-1024x1024.avif 1024w, https:\/\/blizzcool.es\/wp-content\/uploads\/2025\/12\/Ventilador-de-Techo-BUENA-WEB-300x300.avif 300w, https:\/\/blizzcool.es\/wp-content\/uploads\/2025\/12\/Ventilador-de-Techo-BUENA-WEB-150x150.avif 150w, https:\/\/blizzcool.es\/wp-content\/uploads\/2025\/12\/Ventilador-de-Techo-BUENA-WEB-768x768.avif 768w, https:\/\/blizzcool.es\/wp-content\/uploads\/2025\/12\/Ventilador-de-Techo-BUENA-WEB-1536x1536.avif 1536w, https:\/\/blizzcool.es\/wp-content\/uploads\/2025\/12\/Ventilador-de-Techo-BUENA-WEB-600x600.avif 600w, https:\/\/blizzcool.es\/wp-content\/uploads\/2025\/12\/Ventilador-de-Techo-BUENA-WEB-100x100.avif 100w, https:\/\/blizzcool.es\/wp-content\/uploads\/2025\/12\/Ventilador-de-Techo-BUENA-WEB-64x64.avif 64w, https:\/\/blizzcool.es\/wp-content\/uploads\/2025\/12\/Ventilador-de-Techo-BUENA-WEB.avif 2000w\" sizes=\"auto, (max-width: 1024px) 100vw, 1024px\" \/>\t\t\t\t\t\t\t\t<\/a>\n\t\t\t\t\t\t\t\t\t\t\t\t\t\t\t<\/div>\n\t\t\t\t<\/div>\n\t\t<div class=\"elementor-element elementor-element-46969fc e-con-full e-flex e-con e-child\" data-id=\"46969fc\" data-element_type=\"container\" data-e-type=\"container\">\n\t\t\t\t<div class=\"elementor-element elementor-element-4d257b1 elementor-widget elementor-widget-heading\" data-id=\"4d257b1\" data-element_type=\"widget\" data-e-type=\"widget\" data-widget_type=\"heading.default\">\n\t\t\t\t\t<h2 class=\"elementor-heading-title elementor-size-default\"><a href=\"https:\/\/blizzcool.es\/fr\/plafond\/ventilateur-de-plafond-industriel-bizzcool-bw-fam300-o3-000-mm\/\">Ventilateur de plafond industriel Bizzcool BW FAM300 \u00d83\u202f000 mm<\/a><\/h2>\t\t\t\t<\/div>\n\t\t\t\t<div class=\"elementor-element elementor-element-6846204 elementor-widget elementor-widget-heading\" data-id=\"6846204\" data-element_type=\"widget\" data-e-type=\"widget\" data-widget_type=\"heading.default\">\n\t\t\t\t\t<div class=\"elementor-heading-title elementor-size-default\"><span class=\"woocommerce-Price-amount amount\">1.355,20&nbsp;<span class=\"woocommerce-Price-currencySymbol\">&euro;<\/span><\/span> <span class=\"iva-productos\" style=\"font-size:0.8em;color:#27ae60;font-weight:600\"> (IVA incl.)<\/span><\/div>\t\t\t\t<\/div>\n\t\t\t\t<div class=\"elementor-element elementor-element-3b68d6b elementor-add-to-cart--align-center elementor-widget elementor-widget-woocommerce-product-add-to-cart\" data-id=\"3b68d6b\" data-element_type=\"widget\" data-e-type=\"widget\" data-widget_type=\"woocommerce-product-add-to-cart.default\">\n\t\t\t\t\t\n\t\t<div class=\"elementor-add-to-cart elementor-product-simple\">\n\t\t\t\t\t<div class=\"e-loop-add-to-cart-form-container\">\n\t\t\t<form class=\"cart e-loop-add-to-cart-form\">\n\t\t\t\t<a href=\"\/fr\/wp-json\/wp\/v2\/pages\/4838?add-to-cart=4697\" aria-describedby=\"woocommerce_loop_add_to_cart_link_describedby_4697\" data-quantity=\"1\" class=\"button product_type_simple add_to_cart_button ajax_add_to_cart\" data-product_id=\"4697\" data-product_sku=\"1021002\" aria-label=\"Ajouter au panier\u00a0: &ldquo;Ventilateur de plafond industriel Bizzcool BW FAM300 \u00d83\u202f000 mm&rdquo;\" rel=\"nofollow\" data-success_message=\"\u00ab\u00a0Ventilateur de plafond industriel Bizzcool BW FAM300 \u00d83\u202f000 mm\u00a0\u00bb a \u00e9t\u00e9 ajout\u00e9 \u00e0 votre panier\" role=\"button\">Ajouter au panier<\/a>\t<span id=\"woocommerce_loop_add_to_cart_link_describedby_4697\" class=\"screen-reader-text\">\n\t\t\t<\/span>\n\t\t\t<\/form>\n\t\t<\/div>\n\t\t\t\t<\/div>\n\n\t\t\t\t\t\t<\/div>\n\t\t\t\t<\/div>\n\t\t\t\t<\/div>\n\t\t\t\t<\/div>\n\t\t\t\t<div data-elementor-type=\"loop-item\" data-elementor-id=\"4142\" class=\"elementor elementor-4142 elementor-507 elementor-507 e-loop-item e-loop-item-4698 post-4698 product type-product status-publish has-post-thumbnail product_cat-plafond product_cat-ventilateur-industriel desktop-align-left tablet-align-left mobile-align-left  instock taxable shipping-taxable purchasable product-type-simple\" data-elementor-post-type=\"elementor_library\" data-custom-edit-handle=\"1\">\n\t\t\t<div class=\"elementor-element elementor-element-34c414c e-con-full e-flex e-con e-parent\" data-id=\"34c414c\" data-element_type=\"container\" data-e-type=\"container\">\n\t\t<div class=\"elementor-element elementor-element-9ef447e e-con-full e-flex e-con e-child\" data-id=\"9ef447e\" data-element_type=\"container\" data-e-type=\"container\" data-settings=\"{&quot;background_background&quot;:&quot;classic&quot;}\">\n\t\t\t\t<div class=\"elementor-element elementor-element-7a40599 elementor-widget elementor-widget-image\" data-id=\"7a40599\" data-element_type=\"widget\" data-e-type=\"widget\" data-widget_type=\"image.default\">\n\t\t\t\t\t\t\t\t\t\t\t\t\t\t\t\t<a href=\"https:\/\/blizzcool.es\/fr\/plafond\/ventilateur-de-plafond-industriel-bizzcool-bwp-fam430-o-4-300-mm\/\">\n\t\t\t\t\t\t\t<img loading=\"lazy\" decoding=\"async\" width=\"1024\" height=\"1024\" src=\"https:\/\/blizzcool.es\/wp-content\/uploads\/2025\/12\/Ventiladores-de-techo-GRANDES-1-1024x1024.avif\" class=\"attachment-large size-large wp-image-4059\" alt=\"Ventilateur de plafond industriel Bizzcool BWP FAM430\" srcset=\"https:\/\/blizzcool.es\/wp-content\/uploads\/2025\/12\/Ventiladores-de-techo-GRANDES-1-1024x1024.avif 1024w, https:\/\/blizzcool.es\/wp-content\/uploads\/2025\/12\/Ventiladores-de-techo-GRANDES-1-300x300.avif 300w, https:\/\/blizzcool.es\/wp-content\/uploads\/2025\/12\/Ventiladores-de-techo-GRANDES-1-150x150.avif 150w, https:\/\/blizzcool.es\/wp-content\/uploads\/2025\/12\/Ventiladores-de-techo-GRANDES-1-768x768.avif 768w, https:\/\/blizzcool.es\/wp-content\/uploads\/2025\/12\/Ventiladores-de-techo-GRANDES-1-600x600.avif 600w, https:\/\/blizzcool.es\/wp-content\/uploads\/2025\/12\/Ventiladores-de-techo-GRANDES-1-100x100.avif 100w, https:\/\/blizzcool.es\/wp-content\/uploads\/2025\/12\/Ventiladores-de-techo-GRANDES-1-64x64.avif 64w, https:\/\/blizzcool.es\/wp-content\/uploads\/2025\/12\/Ventiladores-de-techo-GRANDES-1.avif 1200w\" sizes=\"auto, (max-width: 1024px) 100vw, 1024px\" \/>\t\t\t\t\t\t\t\t<\/a>\n\t\t\t\t\t\t\t\t\t\t\t\t\t\t\t<\/div>\n\t\t\t\t<\/div>\n\t\t<div class=\"elementor-element elementor-element-46969fc e-con-full e-flex e-con e-child\" data-id=\"46969fc\" data-element_type=\"container\" data-e-type=\"container\">\n\t\t\t\t<div class=\"elementor-element elementor-element-4d257b1 elementor-widget elementor-widget-heading\" data-id=\"4d257b1\" data-element_type=\"widget\" data-e-type=\"widget\" data-widget_type=\"heading.default\">\n\t\t\t\t\t<h2 class=\"elementor-heading-title elementor-size-default\"><a href=\"https:\/\/blizzcool.es\/fr\/plafond\/ventilateur-de-plafond-industriel-bizzcool-bwp-fam430-o-4-300-mm\/\">Ventilateur de plafond industriel Bizzcool BWP FAM430 \u00d8 4 300 mm<\/a><\/h2>\t\t\t\t<\/div>\n\t\t\t\t<div class=\"elementor-element elementor-element-6846204 elementor-widget elementor-widget-heading\" data-id=\"6846204\" data-element_type=\"widget\" data-e-type=\"widget\" data-widget_type=\"heading.default\">\n\t\t\t\t\t<div class=\"elementor-heading-title elementor-size-default\"><span class=\"woocommerce-Price-amount amount\">1.210,00&nbsp;<span class=\"woocommerce-Price-currencySymbol\">&euro;<\/span><\/span> <span class=\"iva-productos\" style=\"font-size:0.8em;color:#27ae60;font-weight:600\"> (IVA incl.)<\/span><\/div>\t\t\t\t<\/div>\n\t\t\t\t<div class=\"elementor-element elementor-element-3b68d6b elementor-add-to-cart--align-center elementor-widget elementor-widget-woocommerce-product-add-to-cart\" data-id=\"3b68d6b\" data-element_type=\"widget\" data-e-type=\"widget\" data-widget_type=\"woocommerce-product-add-to-cart.default\">\n\t\t\t\t\t\n\t\t<div class=\"elementor-add-to-cart elementor-product-simple\">\n\t\t\t\t\t<div class=\"e-loop-add-to-cart-form-container\">\n\t\t\t<form class=\"cart e-loop-add-to-cart-form\">\n\t\t\t\t<a href=\"\/fr\/wp-json\/wp\/v2\/pages\/4838?add-to-cart=4698\" aria-describedby=\"woocommerce_loop_add_to_cart_link_describedby_4698\" data-quantity=\"1\" class=\"button product_type_simple add_to_cart_button ajax_add_to_cart\" data-product_id=\"4698\" data-product_sku=\"1021004\" aria-label=\"Ajouter au panier\u00a0: &ldquo;Ventilateur de plafond industriel Bizzcool BWP FAM430 \u00d8 4 300 mm&rdquo;\" rel=\"nofollow\" data-success_message=\"\u00ab\u00a0Ventilateur de plafond industriel Bizzcool BWP FAM430 \u00d8 4 300 mm\u00a0\u00bb a \u00e9t\u00e9 ajout\u00e9 \u00e0 votre panier\" role=\"button\">Ajouter au panier<\/a>\t<span id=\"woocommerce_loop_add_to_cart_link_describedby_4698\" class=\"screen-reader-text\">\n\t\t\t<\/span>\n\t\t\t<\/form>\n\t\t<\/div>\n\t\t\t\t<\/div>\n\n\t\t\t\t\t\t<\/div>\n\t\t\t\t<\/div>\n\t\t\t\t<\/div>\n\t\t\t\t<\/div>\n\t\t\t\t<\/div>\n\t\t\n\t\t\t\t\t\t<\/div>\n\t\t\t\t<\/div>\n\t\t\t\t\t<\/div>\n\t\t\t\t<\/div>\n\t\t<div class=\"elementor-element elementor-element-a40d028 e-flex e-con-boxed e-con e-parent\" data-id=\"a40d028\" data-element_type=\"container\" data-e-type=\"container\">\n\t\t\t\t\t<div class=\"e-con-inner\">\n\t\t<div class=\"elementor-element elementor-element-60261ed e-con-full e-flex e-con e-child\" data-id=\"60261ed\" data-element_type=\"container\" data-e-type=\"container\">\n\t\t\t\t<div class=\"elementor-element elementor-element-f0e3a75 elementor-widget elementor-widget-heading\" data-id=\"f0e3a75\" data-element_type=\"widget\" data-e-type=\"widget\" data-widget_type=\"heading.default\">\n\t\t\t\t\t<h2 class=\"elementor-heading-title elementor-size-default\">Le principe qui change tout : brasser beaucoup d\u2019air lentement<\/h2>\t\t\t\t<\/div>\n\t\t\t\t<div class=\"elementor-element elementor-element-9e6f142 elementor-widget elementor-widget-text-editor\" data-id=\"9e6f142\" data-element_type=\"widget\" data-e-type=\"widget\" data-widget_type=\"text-editor.default\">\n\t\t\t\t\t\t\t\t\t<p class=\"font-claude-response-body break-words whitespace-normal leading-[1.7]\">La plupart des gens associent la puissance \u00e0 la vitesse. En ventilation industrielle au plafond, c\u2019est l\u2019inverse : les \u00e9quipements les plus efficaces sont ceux qui tournent le plus lentement. <\/p><p class=\"font-claude-response-body break-words whitespace-normal leading-[1.7]\">La technologie <strong>HVLS<\/strong> \u2014 High Volume, Low Speed, autrement dit grand volume \u00e0 faible vitesse \u2014 fonctionne avec des pales de grand diam\u00e8tre qui tournent entre 50 et 100 tr\/min. \u00c0 cette vitesse, les pales ne g\u00e9n\u00e8rent pas un flux d\u2019air ponctuel, mais une colonne d\u2019air descendante qui s\u2019\u00e9tend radialement en atteignant le sol, comme une vague, couvrant uniform\u00e9ment toute la surface de l\u2019espace. <\/p><p class=\"font-claude-response-body break-words whitespace-normal leading-[1.7]\">R\u00e9sultat concret : un seul <strong>ventilateur de plafond industriel HVLS<\/strong> peut brasser entre 100\u202f000 et 500\u202f000 m\u00b3\/h d\u2019air et couvrir jusqu\u2019\u00e0 1\u202f800 m\u00b2 de surface. Pour obtenir un d\u00e9bit similaire avec des ventilateurs conventionnels, il faudrait entre 40 et 50 unit\u00e9s. Avec tout ce que cela implique en c\u00e2blage, supports, maintenance et bruit.  <\/p><p class=\"font-claude-response-body break-words whitespace-normal leading-[1.7]\">Et la consommation de cet unique \u00e9quipement HVLS se situe entre 0,75 et 1,5 kW. Moins d\u2019un euro par jour pour climatiser tout un entrep\u00f4t. <\/p>\t\t\t\t\t\t\t\t<\/div>\n\t\t\t\t<\/div>\n\t\t\t\t\t<\/div>\n\t\t\t\t<\/div>\n\t\t<div class=\"elementor-element elementor-element-0df1ee1 e-flex e-con-boxed e-con e-parent\" data-id=\"0df1ee1\" data-element_type=\"container\" data-e-type=\"container\">\n\t\t\t\t\t<div class=\"e-con-inner\">\n\t\t<div class=\"elementor-element elementor-element-64fce7f e-con-full e-flex e-con e-child\" data-id=\"64fce7f\" data-element_type=\"container\" data-e-type=\"container\">\n\t\t\t\t<div class=\"elementor-element elementor-element-2c0a068 elementor-widget elementor-widget-heading\" data-id=\"2c0a068\" data-element_type=\"widget\" data-e-type=\"widget\" data-widget_type=\"heading.default\">\n\t\t\t\t\t<h2 class=\"elementor-heading-title elementor-size-default\">Quand est-il pertinent d\u2019installer un ventilateur de plafond, et quand ne l\u2019est-ce pas<\/h2>\t\t\t\t<\/div>\n\t\t\t\t<div class=\"elementor-element elementor-element-7c320e5 elementor-widget elementor-widget-text-editor\" data-id=\"7c320e5\" data-element_type=\"widget\" data-e-type=\"widget\" data-widget_type=\"text-editor.default\">\n\t\t\t\t\t\t\t\t\t<p class=\"font-claude-response-body break-words whitespace-normal leading-[1.7]\">Un <strong>ventilateur de plafond industriel<\/strong> n\u2019est pas la solution adapt\u00e9e \u00e0 tous les espaces. \u00catre honn\u00eate \u00e0 ce sujet aide \u00e0 prendre la bonne d\u00e9cision. <\/p><p class=\"font-claude-response-body break-words whitespace-normal leading-[1.7]\"><strong>C\u2019est pertinent lorsque :<\/strong><\/p><ul class=\"[li_&amp;]:mb-0 [li_&amp;]:mt-1 [li_&amp;]:gap-1 [&amp;:not(:last-child)_ul]:pb-1 [&amp;:not(:last-child)_ol]:pb-1 list-disc flex flex-col gap-1 pl-8 mb-3\"><li class=\"whitespace-normal break-words pl-2\">Le plafond offre plus de 3 m\u00e8tres de hauteur libre (les HVLS n\u00e9cessitent au minimum 4 \u00e0 5 m)<\/li><li class=\"whitespace-normal break-words pl-2\">L\u2019espace d\u00e9passe 200 m\u00b2 de surface<\/li><li class=\"whitespace-normal break-words pl-2\">Il y a un probl\u00e8me de stratification thermique (chaleur au plafond, froid au sol)<\/li><li class=\"whitespace-normal break-words pl-2\">Les portes sont souvent ouvertes et la climatisation conventionnelle perd en efficacit\u00e9<\/li><li class=\"whitespace-normal break-words pl-2\">L\u2019activit\u00e9 g\u00e9n\u00e8re de la chaleur r\u00e9siduelle (machines, personnes, \u00e9clairage industriel)<\/li><\/ul><p class=\"font-claude-response-body break-words whitespace-normal leading-[1.7]\"><strong>Ce n\u2019est pas la solution principale lorsque :<\/strong><\/p><ul class=\"[li_&amp;]:mb-0 [li_&amp;]:mt-1 [li_&amp;]:gap-1 [&amp;:not(:last-child)_ul]:pb-1 [&amp;:not(:last-child)_ol]:pb-1 list-disc flex flex-col gap-1 pl-8 mb-3\"><li class=\"whitespace-normal break-words pl-2\">Le plafond est en dessous de 3 m\u00e8tres \u2014 dans ce cas, un ventilateur mural ou portable est plus efficace<\/li><li class=\"whitespace-normal break-words pl-2\">L\u2019espace est petit et compartiment\u00e9 \u2014 la colonne d\u2019air du HVLS a besoin d\u2019un d\u00e9gagement suffisant pour se d\u00e9ployer<\/li><li class=\"whitespace-normal break-words pl-2\">Il faut refroidir l\u2019air, pas seulement le brasser \u2014 dans ce cas, le combiner avec un rafra\u00eechisseur \u00e9vaporatif ou un brumisateur donne de meilleurs r\u00e9sultats<\/li><\/ul>\t\t\t\t\t\t\t\t<\/div>\n\t\t\t\t<\/div>\n\t\t\t\t\t<\/div>\n\t\t\t\t<\/div>\n\t\t<div class=\"elementor-element elementor-element-c24f88a e-flex e-con-boxed e-con e-parent\" data-id=\"c24f88a\" data-element_type=\"container\" data-e-type=\"container\">\n\t\t\t\t\t<div class=\"e-con-inner\">\n\t\t<div class=\"elementor-element elementor-element-210de2f e-con-full e-flex e-con e-child\" data-id=\"210de2f\" data-element_type=\"container\" data-e-type=\"container\">\n\t\t\t\t<div class=\"elementor-element elementor-element-4816bae elementor-widget elementor-widget-heading\" data-id=\"4816bae\" data-element_type=\"widget\" data-e-type=\"widget\" data-widget_type=\"heading.default\">\n\t\t\t\t\t<h2 class=\"elementor-heading-title elementor-size-default\">Secteurs o\u00f9 l\u2019installation est la plus fr\u00e9quente<\/h2>\t\t\t\t<\/div>\n\t\t\t\t<div class=\"elementor-element elementor-element-ae7f791 elementor-widget elementor-widget-text-editor\" data-id=\"ae7f791\" data-element_type=\"widget\" data-e-type=\"widget\" data-widget_type=\"text-editor.default\">\n\t\t\t\t\t\t\t\t\t<p class=\"font-claude-response-body break-words whitespace-normal leading-[1.7]\">Les <strong>ventilateurs de plafond industriels<\/strong> sont pr\u00e9sents dans des environnements tr\u00e8s vari\u00e9s, mais ils partagent tous une caract\u00e9ristique : de grands espaces avec des plafonds hauts o\u00f9 le mouvement de l\u2019air a un impact direct sur les personnes ou sur les processus.<\/p><p class=\"font-claude-response-body break-words whitespace-normal leading-[1.7]\"><strong>Logistique et distribution<\/strong> \u2014 Les centres de distribution avec des portes de quai ouvertes constituent le cas d\u2019usage le plus courant. Le ventilateur HVLS maintient des conditions stables, quel que soit le trafic d\u2019entr\u00e9e et de sortie des marchandises. <\/p><p class=\"font-claude-response-body break-words whitespace-normal leading-[1.7]\"><strong>Industrie alimentaire et pharmaceutique<\/strong> \u2014 Des secteurs o\u00f9 le contr\u00f4le de la temp\u00e9rature et de l\u2019humidit\u00e9 fait partie du processus de production. Les mod\u00e8les avec une protection IP \u00e9lev\u00e9e r\u00e9sistent aux environnements tr\u00e8s humides, \u00e0 la condensation et aux nettoyages fr\u00e9quents. <\/p><p class=\"font-claude-response-body break-words whitespace-normal leading-[1.7]\"><strong>\u00c9levage intensif<\/strong> \u2014 Le stress thermique chez les bovins et les porcs r\u00e9duit directement les performances de production. Les ventilateurs HVLS am\u00e9liorent en continu le bien-\u00eatre animal, avec une consommation minimale par rapport aux syst\u00e8mes de refroidissement actifs. <\/p><p class=\"font-claude-response-body break-words whitespace-normal leading-[1.7]\"><strong>Salles de sport<\/strong> \u2014 Un espace de 40 x 60 m\u00e8tres avec un match en cours g\u00e9n\u00e8re une charge thermique \u00e9norme. Un seul ventilateur de plafond bien positionn\u00e9 peut \u00e9quilibrer la temp\u00e9rature de toute la salle sans cr\u00e9er de courants d\u2019air g\u00eanants sur le terrain. <\/p><p class=\"font-claude-response-body break-words whitespace-normal leading-[1.7]\"><strong>Ateliers automobiles et m\u00e9tallurgie<\/strong> \u2014 Les machines g\u00e9n\u00e8rent une chaleur constante et les fum\u00e9es ont tendance \u00e0 s\u2019accumuler en hauteur. Le ventilateur de plafond \u00e9vacue cette chaleur et dilue les contaminants en suspension, am\u00e9liorant \u00e0 la fois le confort et la qualit\u00e9 de l\u2019air. <\/p>\t\t\t\t\t\t\t\t<\/div>\n\t\t\t\t<\/div>\n\t\t\t\t\t<\/div>\n\t\t\t\t<\/div>\n\t\t<div class=\"elementor-element elementor-element-ba14746 e-flex e-con-boxed e-con e-parent\" data-id=\"ba14746\" data-element_type=\"container\" data-e-type=\"container\">\n\t\t\t\t\t<div class=\"e-con-inner\">\n\t\t\t\t<div class=\"elementor-element elementor-element-93f6176 elementor-widget elementor-widget-heading\" data-id=\"93f6176\" data-element_type=\"widget\" data-e-type=\"widget\" data-widget_type=\"heading.default\">\n\t\t\t\t\t<h2 class=\"elementor-heading-title elementor-size-default\">Questions fr\u00e9quentes sur les ventilateurs de plafond industriels<\/h2>\t\t\t\t<\/div>\n\t\t\t\t<div class=\"elementor-element elementor-element-a3cc025 elementor-widget elementor-widget-n-accordion\" data-id=\"a3cc025\" data-element_type=\"widget\" data-e-type=\"widget\" data-settings=\"{&quot;default_state&quot;:&quot;expanded&quot;,&quot;max_items_expended&quot;:&quot;one&quot;,&quot;n_accordion_animation_duration&quot;:{&quot;unit&quot;:&quot;ms&quot;,&quot;size&quot;:400,&quot;sizes&quot;:[]}}\" data-widget_type=\"nested-accordion.default\">\n\t\t\t\t\t\t\t<div class=\"e-n-accordion\" aria-label=\"Accordion. Open links with Enter or Space, close with Escape, and navigate with Arrow Keys\">\n\t\t\t\t\t\t<details id=\"e-n-accordion-item-1710\" class=\"e-n-accordion-item\" open>\n\t\t\t\t<summary class=\"e-n-accordion-item-title\" data-accordion-index=\"1\" tabindex=\"0\" aria-expanded=\"true\" aria-controls=\"e-n-accordion-item-1710\" >\n\t\t\t\t\t<span class='e-n-accordion-item-title-header'><div class=\"e-n-accordion-item-title-text\"> Quelle hauteur libre faut-il pour installer un ventilateur HVLS ? <\/div><\/span>\n\t\t\t\t\t\t\t<span class='e-n-accordion-item-title-icon'>\n\t\t\t<span class='e-opened' ><svg aria-hidden=\"true\" class=\"e-font-icon-svg e-fas-minus\" viewBox=\"0 0 448 512\" xmlns=\"http:\/\/www.w3.org\/2000\/svg\"><path d=\"M416 208H32c-17.67 0-32 14.33-32 32v32c0 17.67 14.33 32 32 32h384c17.67 0 32-14.33 32-32v-32c0-17.67-14.33-32-32-32z\"><\/path><\/svg><\/span>\n\t\t\t<span class='e-closed'><svg aria-hidden=\"true\" class=\"e-font-icon-svg e-fas-plus\" viewBox=\"0 0 448 512\" xmlns=\"http:\/\/www.w3.org\/2000\/svg\"><path d=\"M416 208H272V64c0-17.67-14.33-32-32-32h-32c-17.67 0-32 14.33-32 32v144H32c-17.67 0-32 14.33-32 32v32c0 17.67 14.33 32 32 32h144v144c0 17.67 14.33 32 32 32h32c17.67 0 32-14.33 32-32V304h144c17.67 0 32-14.33 32-32v-32c0-17.67-14.33-32-32-32z\"><\/path><\/svg><\/span>\n\t\t<\/span>\n\n\t\t\t\t\t\t<\/summary>\n\t\t\t\t<div role=\"region\" aria-labelledby=\"e-n-accordion-item-1710\" class=\"elementor-element elementor-element-c60a167 e-con-full e-flex e-con e-child\" data-id=\"c60a167\" data-element_type=\"container\" data-e-type=\"container\">\n\t\t<div role=\"region\" aria-labelledby=\"e-n-accordion-item-1710\" class=\"elementor-element elementor-element-f045a1a e-flex e-con-boxed e-con e-child\" data-id=\"f045a1a\" data-element_type=\"container\" data-e-type=\"container\">\n\t\t\t\t\t<div class=\"e-con-inner\">\n\t\t\t\t<div class=\"elementor-element elementor-element-7809f7a elementor-widget elementor-widget-text-editor\" data-id=\"7809f7a\" data-element_type=\"widget\" data-e-type=\"widget\" data-widget_type=\"text-editor.default\">\n\t\t\t\t\t\t\t\t\t<p>Les mod\u00e8les de gamme interm\u00e9diaire fonctionnent bien \u00e0 partir de 3,5 \u00e0 4 m\u00e8tres de hauteur libre entre le sol et le point le plus bas du ventilateur. Les mod\u00e8les HVLS grand format (diam\u00e8tre des pales de 4 \u00e0 7 m\u00e8tres) n\u00e9cessitent une hauteur minimale de 5 \u00e0 6 m\u00e8tres pour que la colonne d\u2019air atteigne efficacement le niveau du sol. Pour des plafonds entre 6 et 12 m\u00e8tres, c\u2019est la solution optimale.  <\/p>\t\t\t\t\t\t\t\t<\/div>\n\t\t\t\t\t<\/div>\n\t\t\t\t<\/div>\n\t\t\t\t<\/div>\n\t\t\t\t\t<\/details>\n\t\t\t\t\t\t<details id=\"e-n-accordion-item-1711\" class=\"e-n-accordion-item\" >\n\t\t\t\t<summary class=\"e-n-accordion-item-title\" data-accordion-index=\"2\" tabindex=\"-1\" aria-expanded=\"false\" aria-controls=\"e-n-accordion-item-1711\" >\n\t\t\t\t\t<span class='e-n-accordion-item-title-header'><div class=\"e-n-accordion-item-title-text\"> Combien de ventilateurs de plafond faut-il pour mon entrep\u00f4t ? <\/div><\/span>\n\t\t\t\t\t\t\t<span class='e-n-accordion-item-title-icon'>\n\t\t\t<span class='e-opened' ><svg aria-hidden=\"true\" class=\"e-font-icon-svg e-fas-minus\" viewBox=\"0 0 448 512\" xmlns=\"http:\/\/www.w3.org\/2000\/svg\"><path d=\"M416 208H32c-17.67 0-32 14.33-32 32v32c0 17.67 14.33 32 32 32h384c17.67 0 32-14.33 32-32v-32c0-17.67-14.33-32-32-32z\"><\/path><\/svg><\/span>\n\t\t\t<span class='e-closed'><svg aria-hidden=\"true\" class=\"e-font-icon-svg e-fas-plus\" viewBox=\"0 0 448 512\" xmlns=\"http:\/\/www.w3.org\/2000\/svg\"><path d=\"M416 208H272V64c0-17.67-14.33-32-32-32h-32c-17.67 0-32 14.33-32 32v144H32c-17.67 0-32 14.33-32 32v32c0 17.67 14.33 32 32 32h144v144c0 17.67 14.33 32 32 32h32c17.67 0 32-14.33 32-32V304h144c17.67 0 32-14.33 32-32v-32c0-17.67-14.33-32-32-32z\"><\/path><\/svg><\/span>\n\t\t<\/span>\n\n\t\t\t\t\t\t<\/summary>\n\t\t\t\t<div role=\"region\" aria-labelledby=\"e-n-accordion-item-1711\" class=\"elementor-element elementor-element-1d3f8e3 e-con-full e-flex e-con e-child\" data-id=\"1d3f8e3\" data-element_type=\"container\" data-e-type=\"container\">\n\t\t<div role=\"region\" aria-labelledby=\"e-n-accordion-item-1711\" class=\"elementor-element elementor-element-33d0cbc e-flex e-con-boxed e-con e-child\" data-id=\"33d0cbc\" data-element_type=\"container\" data-e-type=\"container\">\n\t\t\t\t\t<div class=\"e-con-inner\">\n\t\t\t\t<div class=\"elementor-element elementor-element-0b112aa elementor-widget elementor-widget-text-editor\" data-id=\"0b112aa\" data-element_type=\"widget\" data-e-type=\"widget\" data-widget_type=\"text-editor.default\">\n\t\t\t\t\t\t\t\t\t<p>La r\u00e8gle indicative est qu\u2019un ventilateur HVLS couvre une surface \u00e9quivalente \u00e0 environ cinq fois le carr\u00e9 du diam\u00e8tre de ses pales. Un mod\u00e8le de 4 m\u00e8tres de diam\u00e8tre couvre environ 800 \u00e0 1\u202f000 m\u00b2. Pour les espaces avec des piliers, des configurations en L ou des hauteurs variables, le plus pr\u00e9cis est une \u00e9tude d\u2019installation personnalis\u00e9e.  <\/p>\t\t\t\t\t\t\t\t<\/div>\n\t\t\t\t\t<\/div>\n\t\t\t\t<\/div>\n\t\t\t\t<\/div>\n\t\t\t\t\t<\/details>\n\t\t\t\t\t\t<details id=\"e-n-accordion-item-1712\" class=\"e-n-accordion-item\" >\n\t\t\t\t<summary class=\"e-n-accordion-item-title\" data-accordion-index=\"3\" tabindex=\"-1\" aria-expanded=\"false\" aria-controls=\"e-n-accordion-item-1712\" >\n\t\t\t\t\t<span class='e-n-accordion-item-title-header'><div class=\"e-n-accordion-item-title-text\"> Le ventilateur de plafond industriel g\u00e9n\u00e8re-t-il un courant d\u2019air g\u00eanant ? <\/div><\/span>\n\t\t\t\t\t\t\t<span class='e-n-accordion-item-title-icon'>\n\t\t\t<span class='e-opened' ><svg aria-hidden=\"true\" class=\"e-font-icon-svg e-fas-minus\" viewBox=\"0 0 448 512\" xmlns=\"http:\/\/www.w3.org\/2000\/svg\"><path d=\"M416 208H32c-17.67 0-32 14.33-32 32v32c0 17.67 14.33 32 32 32h384c17.67 0 32-14.33 32-32v-32c0-17.67-14.33-32-32-32z\"><\/path><\/svg><\/span>\n\t\t\t<span class='e-closed'><svg aria-hidden=\"true\" class=\"e-font-icon-svg e-fas-plus\" viewBox=\"0 0 448 512\" xmlns=\"http:\/\/www.w3.org\/2000\/svg\"><path d=\"M416 208H272V64c0-17.67-14.33-32-32-32h-32c-17.67 0-32 14.33-32 32v144H32c-17.67 0-32 14.33-32 32v32c0 17.67 14.33 32 32 32h144v144c0 17.67 14.33 32 32 32h32c17.67 0 32-14.33 32-32V304h144c17.67 0 32-14.33 32-32v-32c0-17.67-14.33-32-32-32z\"><\/path><\/svg><\/span>\n\t\t<\/span>\n\n\t\t\t\t\t\t<\/summary>\n\t\t\t\t<div role=\"region\" aria-labelledby=\"e-n-accordion-item-1712\" class=\"elementor-element elementor-element-7755bec e-con-full e-flex e-con e-child\" data-id=\"7755bec\" data-element_type=\"container\" data-e-type=\"container\">\n\t\t<div role=\"region\" aria-labelledby=\"e-n-accordion-item-1712\" class=\"elementor-element elementor-element-7e087c2 e-flex e-con-boxed e-con e-child\" data-id=\"7e087c2\" data-element_type=\"container\" data-e-type=\"container\">\n\t\t\t\t\t<div class=\"e-con-inner\">\n\t\t\t\t<div class=\"elementor-element elementor-element-a7a8b6b elementor-widget elementor-widget-text-editor\" data-id=\"a7a8b6b\" data-element_type=\"widget\" data-e-type=\"widget\" data-widget_type=\"text-editor.default\">\n\t\t\t\t\t\t\t\t\t<p>Non, s\u2019il est correctement dimensionn\u00e9 pour l\u2019espace. La technologie HVLS est pr\u00e9cis\u00e9ment con\u00e7ue pour g\u00e9n\u00e9rer une brise douce et uniforme, et non un flux direct. La sensation est similaire \u00e0 une l\u00e9g\u00e8re brise ext\u00e9rieure : perceptible mais non inconfortable. Pour les postes de travail de pr\u00e9cision ou les zones avec des papiers ou des mat\u00e9riaux l\u00e9gers, il convient de v\u00e9rifier la vitesse de l\u2019air au niveau du plan de travail.   <\/p>\t\t\t\t\t\t\t\t<\/div>\n\t\t\t\t\t<\/div>\n\t\t\t\t<\/div>\n\t\t\t\t<\/div>\n\t\t\t\t\t<\/details>\n\t\t\t\t\t\t<details id=\"e-n-accordion-item-1713\" class=\"e-n-accordion-item\" >\n\t\t\t\t<summary class=\"e-n-accordion-item-title\" data-accordion-index=\"4\" tabindex=\"-1\" aria-expanded=\"false\" aria-controls=\"e-n-accordion-item-1713\" >\n\t\t\t\t\t<span class='e-n-accordion-item-title-header'><div class=\"e-n-accordion-item-title-text\"> Puis-je installer un ventilateur de plafond industriel dans un b\u00e2timent avec de la poussi\u00e8re ou de l\u2019humidit\u00e9 ? <\/div><\/span>\n\t\t\t\t\t\t\t<span class='e-n-accordion-item-title-icon'>\n\t\t\t<span class='e-opened' ><svg aria-hidden=\"true\" class=\"e-font-icon-svg e-fas-minus\" viewBox=\"0 0 448 512\" xmlns=\"http:\/\/www.w3.org\/2000\/svg\"><path d=\"M416 208H32c-17.67 0-32 14.33-32 32v32c0 17.67 14.33 32 32 32h384c17.67 0 32-14.33 32-32v-32c0-17.67-14.33-32-32-32z\"><\/path><\/svg><\/span>\n\t\t\t<span class='e-closed'><svg aria-hidden=\"true\" class=\"e-font-icon-svg e-fas-plus\" viewBox=\"0 0 448 512\" xmlns=\"http:\/\/www.w3.org\/2000\/svg\"><path d=\"M416 208H272V64c0-17.67-14.33-32-32-32h-32c-17.67 0-32 14.33-32 32v144H32c-17.67 0-32 14.33-32 32v32c0 17.67 14.33 32 32 32h144v144c0 17.67 14.33 32 32 32h32c17.67 0 32-14.33 32-32V304h144c17.67 0 32-14.33 32-32v-32c0-17.67-14.33-32-32-32z\"><\/path><\/svg><\/span>\n\t\t<\/span>\n\n\t\t\t\t\t\t<\/summary>\n\t\t\t\t<div role=\"region\" aria-labelledby=\"e-n-accordion-item-1713\" class=\"elementor-element elementor-element-bb22351 e-flex e-con-boxed e-con e-child\" data-id=\"bb22351\" data-element_type=\"container\" data-e-type=\"container\">\n\t\t\t\t\t<div class=\"e-con-inner\">\n\t\t<div role=\"region\" aria-labelledby=\"e-n-accordion-item-1713\" class=\"elementor-element elementor-element-f2b9da4 e-con-full e-flex e-con e-child\" data-id=\"f2b9da4\" data-element_type=\"container\" data-e-type=\"container\">\n\t\t\t\t<div class=\"elementor-element elementor-element-e746486 elementor-widget elementor-widget-text-editor\" data-id=\"e746486\" data-element_type=\"widget\" data-e-type=\"widget\" data-widget_type=\"text-editor.default\">\n\t\t\t\t\t\t\t\t\t<p>Oui, avec le mod\u00e8le adapt\u00e9. Pour les environnements poussi\u00e9reux, avec sciure ou particules, une protection minimale IP44 est recommand\u00e9e. Pour les ambiances humides, la condensation ou les nettoyages \u00e0 l\u2019eau sous pression, IP55 ou sup\u00e9rieur. C\u2019est le param\u00e8tre le plus important \u00e0 v\u00e9rifier avant d\u2019acheter pour des environnements industriels exigeants.   <\/p>\t\t\t\t\t\t\t\t<\/div>\n\t\t\t\t<\/div>\n\t\t\t\t\t<\/div>\n\t\t\t\t<\/div>\n\t\t\t\t\t<\/details>\n\t\t\t\t\t\t<details id=\"e-n-accordion-item-1714\" class=\"e-n-accordion-item\" >\n\t\t\t\t<summary class=\"e-n-accordion-item-title\" data-accordion-index=\"5\" tabindex=\"-1\" aria-expanded=\"false\" aria-controls=\"e-n-accordion-item-1714\" >\n\t\t\t\t\t<span class='e-n-accordion-item-title-header'><div class=\"e-n-accordion-item-title-text\"> Peut-on contr\u00f4ler la vitesse et le sens de rotation ? <\/div><\/span>\n\t\t\t\t\t\t\t<span class='e-n-accordion-item-title-icon'>\n\t\t\t<span class='e-opened' ><svg aria-hidden=\"true\" class=\"e-font-icon-svg e-fas-minus\" viewBox=\"0 0 448 512\" xmlns=\"http:\/\/www.w3.org\/2000\/svg\"><path d=\"M416 208H32c-17.67 0-32 14.33-32 32v32c0 17.67 14.33 32 32 32h384c17.67 0 32-14.33 32-32v-32c0-17.67-14.33-32-32-32z\"><\/path><\/svg><\/span>\n\t\t\t<span class='e-closed'><svg aria-hidden=\"true\" class=\"e-font-icon-svg e-fas-plus\" viewBox=\"0 0 448 512\" xmlns=\"http:\/\/www.w3.org\/2000\/svg\"><path d=\"M416 208H272V64c0-17.67-14.33-32-32-32h-32c-17.67 0-32 14.33-32 32v144H32c-17.67 0-32 14.33-32 32v32c0 17.67 14.33 32 32 32h144v144c0 17.67 14.33 32 32 32h32c17.67 0 32-14.33 32-32V304h144c17.67 0 32-14.33 32-32v-32c0-17.67-14.33-32-32-32z\"><\/path><\/svg><\/span>\n\t\t<\/span>\n\n\t\t\t\t\t\t<\/summary>\n\t\t\t\t<div role=\"region\" aria-labelledby=\"e-n-accordion-item-1714\" class=\"elementor-element elementor-element-73e48d0 e-flex e-con-boxed e-con e-child\" data-id=\"73e48d0\" data-element_type=\"container\" data-e-type=\"container\">\n\t\t\t\t\t<div class=\"e-con-inner\">\n\t\t<div role=\"region\" aria-labelledby=\"e-n-accordion-item-1714\" class=\"elementor-element elementor-element-94d6860 e-con-full e-flex e-con e-child\" data-id=\"94d6860\" data-element_type=\"container\" data-e-type=\"container\">\n\t\t\t\t<div class=\"elementor-element elementor-element-07b053c elementor-widget elementor-widget-text-editor\" data-id=\"07b053c\" data-element_type=\"widget\" data-e-type=\"widget\" data-widget_type=\"text-editor.default\">\n\t\t\t\t\t\t\t\t\t<p>Oui. Les mod\u00e8les avec moteur DC brushless permettent de r\u00e9gler la vitesse en continu depuis une commande murale ou une t\u00e9l\u00e9commande. Le sens de rotation \u2014 \u00e9t\u00e9 vers le bas, hiver vers le haut \u2014 s\u2019inverse g\u00e9n\u00e9ralement via un s\u00e9lecteur sur le moteur ou depuis le panneau de commande.  <\/p>\t\t\t\t\t\t\t\t<\/div>\n\t\t\t\t<\/div>\n\t\t\t\t\t<\/div>\n\t\t\t\t<\/div>\n\t\t\t\t\t<\/details>\n\t\t\t\t\t\t<details id=\"e-n-accordion-item-1715\" class=\"e-n-accordion-item\" >\n\t\t\t\t<summary class=\"e-n-accordion-item-title\" data-accordion-index=\"6\" tabindex=\"-1\" aria-expanded=\"false\" aria-controls=\"e-n-accordion-item-1715\" >\n\t\t\t\t\t<span class='e-n-accordion-item-title-header'><div class=\"e-n-accordion-item-title-text\"> Quel entretien n\u00e9cessite un ventilateur de plafond industriel ? <\/div><\/span>\n\t\t\t\t\t\t\t<span class='e-n-accordion-item-title-icon'>\n\t\t\t<span class='e-opened' ><svg aria-hidden=\"true\" class=\"e-font-icon-svg e-fas-minus\" viewBox=\"0 0 448 512\" xmlns=\"http:\/\/www.w3.org\/2000\/svg\"><path d=\"M416 208H32c-17.67 0-32 14.33-32 32v32c0 17.67 14.33 32 32 32h384c17.67 0 32-14.33 32-32v-32c0-17.67-14.33-32-32-32z\"><\/path><\/svg><\/span>\n\t\t\t<span class='e-closed'><svg aria-hidden=\"true\" class=\"e-font-icon-svg e-fas-plus\" viewBox=\"0 0 448 512\" xmlns=\"http:\/\/www.w3.org\/2000\/svg\"><path d=\"M416 208H272V64c0-17.67-14.33-32-32-32h-32c-17.67 0-32 14.33-32 32v144H32c-17.67 0-32 14.33-32 32v32c0 17.67 14.33 32 32 32h144v144c0 17.67 14.33 32 32 32h32c17.67 0 32-14.33 32-32V304h144c17.67 0 32-14.33 32-32v-32c0-17.67-14.33-32-32-32z\"><\/path><\/svg><\/span>\n\t\t<\/span>\n\n\t\t\t\t\t\t<\/summary>\n\t\t\t\t<div role=\"region\" aria-labelledby=\"e-n-accordion-item-1715\" class=\"elementor-element elementor-element-a01929a e-flex e-con-boxed e-con e-child\" data-id=\"a01929a\" data-element_type=\"container\" data-e-type=\"container\">\n\t\t\t\t\t<div class=\"e-con-inner\">\n\t\t<div role=\"region\" aria-labelledby=\"e-n-accordion-item-1715\" class=\"elementor-element elementor-element-f2350ec e-con-full e-flex e-con e-child\" data-id=\"f2350ec\" data-element_type=\"container\" data-e-type=\"container\">\n\t\t\t\t<div class=\"elementor-element elementor-element-d8c334f elementor-widget elementor-widget-text-editor\" data-id=\"d8c334f\" data-element_type=\"widget\" data-e-type=\"widget\" data-widget_type=\"text-editor.default\">\n\t\t\t\t\t\t\t\t\t<p>L\u2019entretien est minimal. Les moteurs DC brushless n\u2019ont ni balais ni pi\u00e8ces d\u2019usure interne, ce qui \u00e9limine la n\u00e9cessit\u00e9 de contr\u00f4les p\u00e9riodiques du moteur. Un nettoyage occasionnel des pales pour \u00e9viter l\u2019accumulation de poussi\u00e8re et une v\u00e9rification annuelle des fixations suffisent dans la plupart des installations.  <\/p>\t\t\t\t\t\t\t\t<\/div>\n\t\t\t\t<\/div>\n\t\t\t\t\t<\/div>\n\t\t\t\t<\/div>\n\t\t\t\t\t<\/details>\n\t\t\t\t\t<\/div>\n\t\t\t\t\t\t<\/div>\n\t\t\t\t<div class=\"elementor-element elementor-element-cb813a5 elementor-widget elementor-widget-html\" data-id=\"cb813a5\" data-element_type=\"widget\" data-e-type=\"widget\" data-widget_type=\"html.default\">\n\t\t\t\t\t<script type=\"application\/ld+json\">{\n  \"@context\": \"https:\/\/schema.org\",\n  \"@type\": \"FAQPage\",\n  \"mainEntity\": [\n    {\n      \"@type\": \"Question\",\n      \"name\": \"\u00bfCu\u00e1nta altura libre necesito para instalar un ventilador HVLS?\",\n      \"acceptedAnswer\": {\n        \"@type\": \"Answer\",\n        \"text\": \"Los modelos de rango medio funcionan bien a partir de 3,5-4 metros de altura libre entre el suelo y el punto m\u00e1s bajo del ventilador. Los modelos HVLS de gran formato (di\u00e1metro de aspas de 4 a 7 metros) necesitan entre 5 y 6 metros de altura m\u00ednima para que la columna de aire llegue eficazmente al nivel del suelo. Para techos entre 6 y 12 metros son la soluci\u00f3n \u00f3ptima.\"\n      }\n    },\n    {\n      \"@type\": \"Question\",\n      \"name\": \"\u00bfCu\u00e1ntos ventiladores de techo necesito para mi nave?\",\n      \"acceptedAnswer\": {\n        \"@type\": \"Answer\",\n        \"text\": \"La regla orientativa es que un ventilador HVLS cubre una superficie equivalente a unas cinco veces el di\u00e1metro de sus aspas al cuadrado. Un modelo de 4 metros de di\u00e1metro cubre aproximadamente 800-1.000 m\u00b2. Para espacios con pilares, distribuciones en L o alturas variables, lo m\u00e1s preciso es un estudio de instalaci\u00f3n personalizado.\"\n      }\n    },\n    {\n      \"@type\": \"Question\",\n      \"name\": \"\u00bfEl ventilador de techo industrial genera corriente de aire molesta?\",\n      \"acceptedAnswer\": {\n        \"@type\": \"Answer\",\n        \"text\": \"No, si est\u00e1 correctamente dimensionado para el espacio. La tecnolog\u00eda HVLS est\u00e1 dise\u00f1ada precisamente para generar una brisa suave y uniforme, no una corriente directa. La sensaci\u00f3n es similar a una ligera brisa exterior: perceptible pero no inc\u00f3moda. En puestos de trabajo de precisi\u00f3n o zonas con papeles o materiales ligeros, conviene verificar la velocidad de aire en el plano de trabajo.\"\n      }\n    },\n    {\n      \"@type\": \"Question\",\n      \"name\": \"\u00bfPuedo instalar un ventilador de techo industrial en una nave con polvo o humedad?\",\n      \"acceptedAnswer\": {\n        \"@type\": \"Answer\",\n        \"text\": \"S\u00ed, con el modelo adecuado. Para entornos con presencia de polvo, serr\u00edn o part\u00edculas, se recomienda protecci\u00f3n m\u00ednima IP44. Para ambientes h\u00famedos, condensaciones o limpiezas con agua a presi\u00f3n, IP55 o superior. Es el par\u00e1metro m\u00e1s importante a verificar antes de comprar en entornos industriales exigentes.\"\n      }\n    },\n    {\n      \"@type\": \"Question\",\n      \"name\": \"\u00bfSe puede controlar la velocidad y el sentido de giro de un ventilador de techo industrial?\",\n      \"acceptedAnswer\": {\n        \"@type\": \"Answer\",\n        \"text\": \"S\u00ed. Los modelos con motor DC brushless permiten regular la velocidad de forma continua desde un mando de pared o control remoto. El sentido de giro \u2014verano hacia abajo, invierno hacia arriba\u2014 se invierte normalmente con un selector en el motor o desde el panel de control.\"\n      }\n    },\n    {\n      \"@type\": \"Question\",\n      \"name\": \"\u00bfQu\u00e9 mantenimiento necesita un ventilador de techo industrial?\",\n      \"acceptedAnswer\": {\n        \"@type\": \"Answer\",\n        \"text\": \"El mantenimiento es m\u00ednimo. Los motores DC brushless no tienen escobillas ni piezas de desgaste interno, lo que elimina la necesidad de revisiones peri\u00f3dicas del motor. La limpieza ocasional de las aspas para evitar acumulaci\u00f3n de polvo y una revisi\u00f3n anual de los anclajes es suficiente en la mayor\u00eda de instalaciones.\"\n      }\n    }\n  ]\n}\n<\/script>\t\t\t\t<\/div>\n\t\t\t\t\t<\/div>\n\t\t\t\t<\/div>\n\t\t<div class=\"elementor-element elementor-element-258d5aa e-flex e-con-boxed e-con e-parent\" data-id=\"258d5aa\" data-element_type=\"container\" data-e-type=\"container\" data-settings=\"{&quot;background_background&quot;:&quot;classic&quot;}\">\n\t\t\t\t\t<div class=\"e-con-inner\">\n\t\t<div class=\"elementor-element elementor-element-c07f9d4 e-con-full e-flex e-con e-child\" data-id=\"c07f9d4\" data-element_type=\"container\" data-e-type=\"container\">\n\t\t<div class=\"elementor-element elementor-element-036bf93 e-con-full e-flex e-con e-child\" data-id=\"036bf93\" data-element_type=\"container\" data-e-type=\"container\">\n\t\t\t\t<div class=\"elementor-element elementor-element-bb822ce elementor-widget elementor-widget-heading\" data-id=\"bb822ce\" data-element_type=\"widget\" data-e-type=\"widget\" data-widget_type=\"heading.default\">\n\t\t\t\t\t<h2 class=\"elementor-heading-title elementor-size-default\">Vous ne savez pas quel produit choisir ?<\/h2>\t\t\t\t<\/div>\n\t\t\t\t<div class=\"elementor-element elementor-element-40a08ad elementor-widget elementor-widget-heading\" data-id=\"40a08ad\" data-element_type=\"widget\" data-e-type=\"widget\" data-widget_type=\"heading.default\">\n\t\t\t\t\t<p class=\"elementor-heading-title elementor-size-default\">Contactez-nous : nous vous conseillons sans engagement<\/p>\t\t\t\t<\/div>\n\t\t\t\t<\/div>\n\t\t<div class=\"elementor-element elementor-element-6f24af4 e-con-full e-flex e-con e-child\" data-id=\"6f24af4\" data-element_type=\"container\" data-e-type=\"container\">\n\t\t\t\t<div class=\"elementor-element elementor-element-e43ec66 elementor-align-justify elementor-widget__width-inherit elementor-widget elementor-widget-button\" data-id=\"e43ec66\" data-element_type=\"widget\" data-e-type=\"widget\" data-widget_type=\"button.default\">\n\t\t\t\t\t\t\t\t\t\t<a class=\"elementor-button elementor-button-link elementor-size-sm\" href=\"https:\/\/wa.me\/34617879087\" target=\"_blank\" rel=\"nofollow noopener\">\n\t\t\t\t\t\t<span class=\"elementor-button-content-wrapper\">\n\t\t\t\t\t\t<span class=\"elementor-button-icon\">\n\t\t\t\t<svg aria-hidden=\"true\" class=\"e-font-icon-svg e-fab-whatsapp\" viewBox=\"0 0 448 512\" xmlns=\"http:\/\/www.w3.org\/2000\/svg\"><path d=\"M380.9 97.1C339 55.1 283.2 32 223.9 32c-122.4 0-222 99.6-222 222 0 39.1 10.2 77.3 29.6 111L0 480l117.7-30.9c32.4 17.7 68.9 27 106.1 27h.1c122.3 0 224.1-99.6 224.1-222 0-59.3-25.2-115-67.1-157zm-157 341.6c-33.2 0-65.7-8.9-94-25.7l-6.7-4-69.8 18.3L72 359.2l-4.4-7c-18.5-29.4-28.2-63.3-28.2-98.2 0-101.7 82.8-184.5 184.6-184.5 49.3 0 95.6 19.2 130.4 54.1 34.8 34.9 56.2 81.2 56.1 130.5 0 101.8-84.9 184.6-186.6 184.6zm101.2-138.2c-5.5-2.8-32.8-16.2-37.9-18-5.1-1.9-8.8-2.8-12.5 2.8-3.7 5.6-14.3 18-17.6 21.8-3.2 3.7-6.5 4.2-12 1.4-32.6-16.3-54-29.1-75.5-66-5.7-9.8 5.7-9.1 16.3-30.3 1.8-3.7.9-6.9-.5-9.7-1.4-2.8-12.5-30.1-17.1-41.2-4.5-10.8-9.1-9.3-12.5-9.5-3.2-.2-6.9-.2-10.6-.2-3.7 0-9.7 1.4-14.8 6.9-5.1 5.6-19.4 19-19.4 46.3 0 27.3 19.9 53.7 22.6 57.4 2.8 3.7 39.1 59.7 94.8 83.8 35.2 15.2 49 16.5 66.6 13.9 10.7-1.6 32.8-13.4 37.4-26.4 4.6-13 4.6-24.1 3.2-26.4-1.3-2.5-5-3.9-10.5-6.6z\"><\/path><\/svg>\t\t\t<\/span>\n\t\t\t\t\t\t\t\t\t<span class=\"elementor-button-text\">WhatsApp<\/span>\n\t\t\t\t\t<\/span>\n\t\t\t\t\t<\/a>\n\t\t\t\t\t\t\t\t<\/div>\n\t\t\t\t<div class=\"elementor-element elementor-element-72d0f79 elementor-align-justify elementor-widget__width-inherit elementor-widget elementor-widget-button\" data-id=\"72d0f79\" data-element_type=\"widget\" data-e-type=\"widget\" data-widget_type=\"button.default\">\n\t\t\t\t\t\t\t\t\t\t<a class=\"elementor-button elementor-button-link elementor-size-sm\" href=\"https:\/\/mail.google.com\/mail\/?view=cm&#038;fs=1&#038;to=info@blizzcool.es&#038;su=Solicitud%20de%20informaci%C3%B3n\" target=\"_blank\">\n\t\t\t\t\t\t<span class=\"elementor-button-content-wrapper\">\n\t\t\t\t\t\t<span class=\"elementor-button-icon\">\n\t\t\t\t<svg aria-hidden=\"true\" class=\"e-font-icon-svg e-far-envelope\" viewBox=\"0 0 512 512\" xmlns=\"http:\/\/www.w3.org\/2000\/svg\"><path d=\"M464 64H48C21.49 64 0 85.49 0 112v288c0 26.51 21.49 48 48 48h416c26.51 0 48-21.49 48-48V112c0-26.51-21.49-48-48-48zm0 48v40.805c-22.422 18.259-58.168 46.651-134.587 106.49-16.841 13.247-50.201 45.072-73.413 44.701-23.208.375-56.579-31.459-73.413-44.701C106.18 199.465 70.425 171.067 48 152.805V112h416zM48 400V214.398c22.914 18.251 55.409 43.862 104.938 82.646 21.857 17.205 60.134 55.186 103.062 54.955 42.717.231 80.509-37.199 103.053-54.947 49.528-38.783 82.032-64.401 104.947-82.653V400H48z\"><\/path><\/svg>\t\t\t<\/span>\n\t\t\t\t\t\t\t\t\t<span class=\"elementor-button-text\">E-mail<\/span>\n\t\t\t\t\t<\/span>\n\t\t\t\t\t<\/a>\n\t\t\t\t\t\t\t\t<\/div>\n\t\t\t\t<\/div>\n\t\t\t\t<\/div>\n\t\t\t\t\t<\/div>\n\t\t\t\t<\/div>\n\t\t\t\t<\/div>\n\t\t","protected":false},"excerpt":{"rendered":"<p>Performances \u00e9prouv\u00e9es en conditions r\u00e9elles Des \u00e9quipements con\u00e7us pour offrir un confort thermique maximal et une protection optimale dans des [&hellip;]<\/p>\n","protected":false},"author":1,"featured_media":0,"parent":4104,"menu_order":0,"comment_status":"closed","ping_status":"closed","template":"","meta":{"_acf_changed":false,"site-sidebar-layout":"no-sidebar","site-content-layout":"","ast-site-content-layout":"full-width-container","site-content-style":"default","site-sidebar-style":"default","ast-global-header-display":"","ast-banner-title-visibility":"","ast-main-header-display":"","ast-hfb-above-header-display":"","ast-hfb-below-header-display":"","ast-hfb-mobile-header-display":"","site-post-title":"disabled","ast-breadcrumbs-content":"","ast-featured-img":"disabled","footer-sml-layout":"","ast-disable-related-posts":"","theme-transparent-header-meta":"","adv-header-id-meta":"","stick-header-meta":"","header-above-stick-meta":"","header-main-stick-meta":"","header-below-stick-meta":"","astra-migrate-meta-layouts":"default","ast-page-background-enabled":"default","ast-page-background-meta":{"desktop":{"background-color":"var(--ast-global-color-5)","background-image":"","background-repeat":"repeat","background-position":"center center","background-size":"auto","background-attachment":"scroll","background-type":"","background-media":"","overlay-type":"","overlay-color":"","overlay-opacity":"","overlay-gradient":""},"tablet":{"background-color":"","background-image":"","background-repeat":"repeat","background-position":"center center","background-size":"auto","background-attachment":"scroll","background-type":"","background-media":"","overlay-type":"","overlay-color":"","overlay-opacity":"","overlay-gradient":""},"mobile":{"background-color":"","background-image":"","background-repeat":"repeat","background-position":"center center","background-size":"auto","background-attachment":"scroll","background-type":"","background-media":"","overlay-type":"","overlay-color":"","overlay-opacity":"","overlay-gradient":""}},"ast-content-background-meta":{"desktop":{"background-color":"var(--ast-global-color-4)","background-image":"","background-repeat":"repeat","background-position":"center center","background-size":"auto","background-attachment":"scroll","background-type":"","background-media":"","overlay-type":"","overlay-color":"","overlay-opacity":"","overlay-gradient":""},"tablet":{"background-color":"var(--ast-global-color-4)","background-image":"","background-repeat":"repeat","background-position":"center center","background-size":"auto","background-attachment":"scroll","background-type":"","background-media":"","overlay-type":"","overlay-color":"","overlay-opacity":"","overlay-gradient":""},"mobile":{"background-color":"var(--ast-global-color-4)","background-image":"","background-repeat":"repeat","background-position":"center center","background-size":"auto","background-attachment":"scroll","background-type":"","background-media":"","overlay-type":"","overlay-color":"","overlay-opacity":"","overlay-gradient":""}},"footnotes":""},"class_list":["post-4838","page","type-page","status-publish","hentry","desktop-align-left","tablet-align-left","mobile-align-left"],"acf":[],"_links":{"self":[{"href":"https:\/\/blizzcool.es\/fr\/wp-json\/wp\/v2\/pages\/4838","targetHints":{"allow":["GET"]}}],"collection":[{"href":"https:\/\/blizzcool.es\/fr\/wp-json\/wp\/v2\/pages"}],"about":[{"href":"https:\/\/blizzcool.es\/fr\/wp-json\/wp\/v2\/types\/page"}],"author":[{"embeddable":true,"href":"https:\/\/blizzcool.es\/fr\/wp-json\/wp\/v2\/users\/1"}],"replies":[{"embeddable":true,"href":"https:\/\/blizzcool.es\/fr\/wp-json\/wp\/v2\/comments?post=4838"}],"version-history":[{"count":0,"href":"https:\/\/blizzcool.es\/fr\/wp-json\/wp\/v2\/pages\/4838\/revisions"}],"up":[{"embeddable":true,"href":"https:\/\/blizzcool.es\/fr\/wp-json\/wp\/v2\/pages\/4104"}],"wp:attachment":[{"href":"https:\/\/blizzcool.es\/fr\/wp-json\/wp\/v2\/media?parent=4838"}],"curies":[{"name":"wp","href":"https:\/\/api.w.org\/{rel}","templated":true}]}}